{"id":17427,"date":"2012-04-17T12:44:53","date_gmt":"2012-04-17T12:44:53","guid":{"rendered":"https:\/\/staging.femarbel.be\/info-express\/"},"modified":"2022-05-24T16:18:45","modified_gmt":"2022-05-24T14:18:45","slug":"info-express","status":"publish","type":"page","link":"https:\/\/femarbel.be\/nl\/info-express\/","title":{"rendered":"Info Express"},"content":{"rendered":"<div class=\"wpb-content-wrapper\"><p>[vc_row][vc_column][vc_column_text]<a href=\"https:\/\/femarbel.be\/informations\/info-express\/ie-1264-bruxelles-formations-if-ic-inscriptions-des-membres-des-commissions-daccompagnement-et-de-recours-interne\/\" target=\"_blank\" rel=\"noopener\">IE 1264 &#8211; BRUXELLES &#8211; FORMATIONS IF-IC &#8211; INSCRIPTIONS DES MEMBRES DES COMMISSIONS D&#8217;ACCOMPAGNEMENT ET DE RECOURS INTERNE<\/a> &#8211; (16-05-2022) &#8211; <span style=\"color: #ff0000;\">Version NL<\/span><\/p>\n<p><a href=\"https:\/\/femarbel.be\/informations\/info-express\/ie-1263-nouveau-partenaire-realco-01-05-2022\/\" target=\"_blank\" rel=\"noopener\">IE 1263 &#8211; NOUVEAU PARTENAIRE &#8211; REALCO &#8211; 01\/05\/2022<\/a> &#8211; (02\/05\/2022) &#8211; <span style=\"color: #ff0000;\">Version NL<\/span><\/p>\n<p><a href=\"https:\/\/femarbel.be\/informations\/info-express\/ie-1262-cp-330-bareme-des-travailleurs-financement-forfaitaire-indexation\/\" target=\"_blank\" rel=\"noopener\">IE 1262 &#8211; CP 330 &#8211; BAREME DES TRAVAILLEURS &#8211; FINANCEMENT FORFAITAIRE &#8211; INDEXATION<\/a> &#8211; (29\/04\/2022) &#8211; <span style=\"color: #ff0000;\">Version NL<\/span><\/p>\n<p><a href=\"https:\/\/femarbel.be\/informations\/info-express\/ie-1261-federal-cp-330-journee-daction-nationale-des-syndicats\/\" target=\"_blank\" rel=\"noopener\">IE 1261 &#8211; FEDERAL &#8211; CP 330 &#8211; JOURNEE D&#8217;ACTIONS NATIONALE DES SYNDICATS<\/a> &#8211; (22\/04\/2022) &#8211; <a href=\"https:\/\/femarbel.be\/wp-content\/uploads\/2022\/05\/1261-FEDERAL-CP-330-\u2013-22.04.2022-\u2013-JOURNEE-DACTION-NATIONALE-DES-SYNDICATS-NLD.pdf\" target=\"_blank\" rel=\"noopener\"><span style=\"color: #ff0000;\">Version NL<\/span><\/a><\/p>\n<p><a href=\"https:\/\/femarbel.be\/informations\/info-express\/ie-1260-bruxelles-ific-inscription-du-responsable-processus-aux-formations-obligatoires-ific-au-22-04-2022\/\" target=\"_blank\" rel=\"noopener\">IE 1260 &#8211; BRUXELLES &#8211; IFIC &#8211; INSCRIPTION DU RESPONSABLE PROCESSUS AUX FORMATIONS OBLIGATOIRES IFIC AU 22.04.2022<\/a> &#8211; (06-04-2022) &#8211; <a href=\"https:\/\/femarbel.be\/wp-content\/uploads\/2022\/04\/1260-BRUSSEL-IFIC-INSCHRIJVING-VAN-PROCESVERANTWOORDELIJKE-VOOR-VERPLICHTE-IFIC-OPLEIDINGEN-VOOR-22-APRIL-2022.pdf\" target=\"_blank\" rel=\"noopener\"><span style=\"color: #ff0000;\">Version NL<\/span><\/a><\/p>\n<p><a href=\"https:\/\/femarbel.be\/informations\/info-express\/ie-1259-bruxelles-ific-designation-du-responsable-processus-pour-le-01-04-2022\/\" target=\"_blank\" rel=\"noopener\">IE 1259 &#8211; BRUXELLES &#8211; IFIC &#8211; DESIGNATION DU RESPONSABLE PROCESSUS POUR LE 01.04.2022<\/a> &#8211; (24-03-2022) &#8211; <a href=\"https:\/\/femarbel.be\/wp-content\/uploads\/2022\/04\/1259-BRUSSEL-IFIC-AANSTELLING-VAN-DE-PROCESVERANTWOORDELIJKE-VOOR-1-APRIL-2022.pdf\" target=\"_blank\" rel=\"noopener\"><span style=\"color: #ff0000;\">Version NL<\/span><\/a><\/p>\n<p><a href=\"https:\/\/femarbel.be\/informations\/info-express\/ie-1258-covid-19-federal-prolongation-du-chomage-temporaire-corona-jusquau-30062022\/\" target=\"_blank\" rel=\"noopener\">IE 1258 &#8211; COVID 19 &#8211; FEDERAL &#8211; PROLONGATION DU CHOMAGE TEMPORAIRE CORONA JUSQU&#8217;AU 30062022<\/a> &#8211; (17-03-2022) &#8211; <a href=\"https:\/\/femarbel.be\/wp-content\/uploads\/2022\/04\/1258-COVID-19-UPDATE-\u2013-FEDERAAL-\u2013-VERLENGING-VAN-HET-TIJDELIJKE-WERKLOOSHEIDSSTELSEL-CORONA-TOT-30-JUNI.pdf\" target=\"_blank\" rel=\"noopener\"><span style=\"color: #ff0000;\">Version NL<\/span><\/a><\/p>\n<p><a href=\"https:\/\/femarbel.be\/informations\/info-express\/ie-1257-wallonie-if-ic-rapportage-acces-a-la-plateforme-securisee\/\" target=\"_blank\" rel=\"noopener\">IE 1257 &#8211; WALLONIE &#8211; IF-IC &#8211; RAPPORTAGE &#8211; ACCES A LA PLATEFORME SECURISEE<\/a> &#8211; (08-03-2022)<\/p>\n<p><a href=\"https:\/\/femarbel.be\/informations\/info-express\/ie-1256-wallonie-if-ic-session-de-questions-reponses-rapportage-rappel\/\" target=\"_blank\" rel=\"noopener\">IE 1256 &#8211; WALLONIE &#8211; IF-IC &#8211; SESSION DE QUESTIONS-REPONSES &#8211; RAPPORTAGE &#8211; RAPPEL<\/a> &#8211; (08-03-2022)<\/p>\n<p><a href=\"https:\/\/femarbel.be\/informations\/info-express\/ie-1255-covid-19-bruxelles-wallonie-levee-de-lobligation-du-cst-en-mr-mrs\/\" target=\"_blank\" rel=\"noopener\">IE 1255 &#8211; COVID 19 &#8211; BRUXELLES-WALLONIE &#8211; LEVEE DE L&#8217;OBLIGATION DU CST EN MR-MRS<\/a> &#8211; (04-03-2022) &#8211; <a href=\"https:\/\/femarbel.be\/wp-content\/uploads\/2022\/04\/1255-COVID-19-UPDATE-\u2013-BRUSSEL-WALLONIE-OPHEFFING-VAN-DE-CST-PLICHT-IN-DE-WZC.pdf\" target=\"_blank\" rel=\"noopener\"><span style=\"color: #ff0000;\">Version NL<\/span><\/a><\/p>\n<p><a href=\"https:\/\/femarbel.be\/informations\/info-express\/ie-1254-covid-19-federal-guide-generique-travailler-en-toute-securite-pendant-une-pandemie-ou-une-epidemie\/\" target=\"_blank\" rel=\"noopener\">IE 1254 &#8211; COVID 19 &#8211; FEDERAL &#8211; GUIDE GENERIQUE : TRAVAILLER EN TOUTE SECURITE PENDANT UNE PANDEMIE OU UNE EPIDEMIE<\/a> &#8211; (03-03-2022) &#8211; <a href=\"https:\/\/femarbel.be\/wp-content\/uploads\/2022\/04\/1254-COVID-19-\u2013-FEDERAAL-\u2013-GENERIEKE-GIDS-VEILIG-WERKEN-TIJDENS-EEN-EPIDEMIE-OF-PANDEMIE.pdf\" target=\"_blank\" rel=\"noopener\"><span style=\"color: #ff0000;\">Version NL<\/span><\/a><\/p>\n<p><a href=\"https:\/\/femarbel.be\/informations\/info-express\/ie-1253-qualite-transparence-controle-resultats-du-sondage-aupres-de-nos-membres\/\" target=\"_blank\" rel=\"noopener\">IE 1253 &#8211; QUALITE &#8211; TRANSPARENCE &#8211; CONTROLE : RESULTATS DU SONDAGE AUPRES DE NOS MEMBRES<\/a> &#8211; (02-03-2022)<\/p>\n<p><a href=\"https:\/\/femarbel.be\/informations\/info-express\/ie-1252-nouveau-partenaire-nobi\/\" target=\"_blank\" rel=\"noopener\">IE 1252 &#8211; NOUVEAU PARTENAIRE &#8211; NOBI<\/a> &#8211; (18-03-2022) &#8211; <a href=\"https:\/\/femarbel.be\/wp-content\/uploads\/2022\/04\/1252-NIEUWE-PARTNER-NOBI-01032022.pdf\" target=\"_blank\" rel=\"noopener\"><span style=\"color: #ff0000;\">Version NL<\/span><\/a><\/p>\n<p><a href=\"https:\/\/femarbel.be\/informations\/info-express\/ie-1251-nouveau-partenaire-wixalia\/\" target=\"_blank\" rel=\"noopener\">IE 1251 &#8211; NOUVEAU PARTENAIRE &#8211; WIXALIA<\/a> &#8211; (17-03-2022) &#8211; <a href=\"https:\/\/femarbel.be\/wp-content\/uploads\/2022\/04\/1251-NIEUWE-PARTNER-WIXALIA-01032022.pdf\" target=\"_blank\" rel=\"noopener\"><span style=\"color: #ff0000;\">Version NL<\/span><\/a><\/p>\n<p><a href=\"https:\/\/femarbel.be\/informations\/info-express\/ie-1250-nouveau-partenaire-itp\/\" target=\"_blank\" rel=\"noopener\">IE 1250 &#8211; NOUVEAU PARTENAIRE &#8211; ITP<\/a> &#8211; (16-03-2022) &#8211; <a href=\"https:\/\/femarbel.be\/wp-content\/uploads\/2022\/04\/1250-NIEUWE-PARTNER-ITP-01032022.pdf\" target=\"_blank\" rel=\"noopener\"><span style=\"color: #ff0000;\">Version NL<\/span><\/a><\/p>\n<p><a href=\"https:\/\/femarbel.be\/informations\/info-express\/ie-1249-cp-330-baremes-des-travailleurs-financement-forfaitaire-indexation\/\" target=\"_blank\" rel=\"noopener\">IE 1249 &#8211; CP 330 &#8211; BAREMES DES TRAVAILLEURS &#8211; FINANCEMENT FORFAITAIRE &#8211; INDEXATION<\/a> &#8211; (28-02-2022) &#8211; <a href=\"https:\/\/femarbel.be\/wp-content\/uploads\/2022\/04\/1249-PC-330-\u2013-BAREMAS-VAN-DE-WERKNEMERS-\u2013-FORFAITAIRE-FINANCIERING-\u2013-INDEXERING.pdf\" target=\"_blank\" rel=\"noopener\"><span style=\"color: #ff0000;\">Version NL<\/span><\/a><\/p>\n<p><a href=\"https:\/\/femarbel.be\/informations\/info-express\/ie-1248-covid-19-federal-maintien-des-frais-du-remboursement-des-frais-majore-pour-les-benevoles\/\" target=\"_blank\" rel=\"noopener\">IE 1248 &#8211; COVID 19 &#8211; FEDERAL &#8211; MAINTIEN DES FRAIS DU REMBOURSEMENT DES FRAIS MAJORE POUR LES BENEVOLES<\/a> (25-02-2022) &#8211; <a href=\"https:\/\/femarbel.be\/wp-content\/uploads\/2022\/04\/1248-COVID-19-UPDATE-\u2013-FEDERAAL-\u2013-BEHOUD-VAN-DE-VERHOOGDE-ONKOSTENVERGOEDING-VOOR-DE-VRIJWILLIGERS.pdf\" target=\"_blank\" rel=\"noopener\"><span style=\"color: #ff0000;\">Version NL<\/span><\/a><\/p>\n<p><a href=\"https:\/\/femarbel.be\/informations\/info-express\/ie1247-wallonie-if-ic-session-de-questions-reponses-rapportage\/\" target=\"_blank\" rel=\"noopener\">IE1247 &#8211; WALLONIE &#8211; IF-IC &#8211; SESSION DE QUESTIONS-REPONSES &#8211; RAPPORTAGE<\/a> &#8211; (17-02-2022)<\/p>\n<p><a href=\"https:\/\/femarbel.be\/informations\/info-express\/ie-1246-wallonie-cp-330-jour-de-conge-corona-rappel\/\" target=\"_blank\" rel=\"noopener\">IE 1246 &#8211; WALLONIE &#8211; CP 330 &#8211; JOUR DE CONGE CORONA &#8211; RAPPEL<\/a> &#8211; (04-02-2022)<\/p>\n<p><a href=\"https:\/\/femarbel.be\/informations\/info-express\/ie-1245-wallonie-accords-non-marchands-subsides-des-emplois-nets-supplementaires-precisions-et-conseils\/\" target=\"_blank\" rel=\"noopener\">IE 1245 &#8211; WALLONIE &#8211; ACCORDS NON MARCHANDS &#8211; SUBSIDES DES EMPLOIS NETS SUPPLEMENTAIRES &#8211; PRECISIONS ET CONSEILS<\/a> &#8211; (25-01-2022)<\/p>\n<p><a href=\"https:\/\/femarbel.be\/informations\/info-express\/ie-1244-covid-19-update-federal-avis-du-conseil-detat-relatif-a-la-vaccination-obligatoire-du-personnel-soignant\/\" target=\"_blank\" rel=\"noopener\">IE 1244 &#8211; COVID 19 UPDATE &#8211; FEDERAL &#8211; AVIS DU CONSEIL D&#8217;ETAT RELATIF A LA VACCINATION OBLIGATOIRE DU PERSONNEL SOIGNANT<\/a> &#8211; (18-01-2022) &#8211; <a href=\"https:\/\/femarbel.be\/wp-content\/uploads\/2022\/01\/1244-COVID-19-UPDATE-\u2013-FEDERAAL-\u2013-ADVIES-VAN-DE-RAAD-VAN-STATE-OVER-DE-VERPLICHTE-VACCINATIE-VAN-HET-ZORGPERSONEEL.pdf\" target=\"_blank\" rel=\"noopener\"><span style=\"color: #ff0000;\">Version NL<\/span><\/a><\/p>\n<p><a href=\"https:\/\/femarbel.be\/informations\/info-express\/ie-1243-wallonie-if-ic-recours-a-la-commission-daccompangement-sectorielle-et-instructions-de-rapportage\/\" target=\"_blank\" rel=\"noopener\">IE 1243 &#8211; WALLONIE &#8211; IF-IC &#8211; RECOURS A LA COMMISSION D&#8217;ACCOMPANGEMENT SECTORIELLE ET INSTRUCTIONS DE RAPPORTAGE<\/a> &#8211; (17-01-2022)<\/p>\n<p><a href=\"https:\/\/femarbel.be\/informations\/info-express\/ie-1242-bruxelles-primes-de-fin-dannee-2021-prime-unique-de-51007-eur\/\" target=\"_blank\" rel=\"noopener\">IE 1242 &#8211; BRUXELLES &#8211; PRIMES DE FIN D&#8217;ANNEE 2021 &#8211; PRIME UNIQUE DE 510,07 Eur<\/a> &#8211; (13-01-2022) &#8211; <a href=\"https:\/\/femarbel.be\/wp-content\/uploads\/2022\/01\/1242-BRUSSEL-\u2013-EINDEJAARSPREMIES-2021-\u2013-EENMALIGE-PREMIE-VAN-E-51007.pdf\" target=\"_blank\" rel=\"noopener\"><span style=\"color: #ff0000;\">Version NL<\/span><\/a><\/p>\n<p><a href=\"https:\/\/femarbel.be\/informations\/info-express\/ie-1241-covid-19-update-federal-prolongation-et-extension-du-conge-de-vaccination\/\" target=\"_blank\" rel=\"noopener\">IE 1241 &#8211; COVID 19 UPDATE &#8211; FEDERAL &#8211; PROLONGATION ET EXTENSION DU CONGE DE VACCINATION<\/a> &#8211; (13-01-2022) &#8211; <a href=\"https:\/\/femarbel.be\/wp-content\/uploads\/2022\/01\/1241-COVID-19-UPDATE-\u2013-FEDERAAL-\u2013-VERLENGING-EN-UITBREIDING-VAN-HET-VACCINATIEVERLOF.pdf\" target=\"_blank\" rel=\"noopener\"><span style=\"color: #ff0000;\">Version NL<\/span><\/a><\/p>\n<p><a href=\"https:\/\/femarbel.be\/informations\/info-express\/ie-1240-wallonie-if-ic-adoption-de-la-cct-rapportage-et-quelques-rappels-importants\/\" target=\"_blank\" rel=\"noopener\">IE 1240 &#8211; WALLONIE &#8211; IF-IC &#8211; ADOPTION DE LA CCT RAPPORTAGE ET QUELQUES RAPPELS IMPORTANTS<\/a> &#8211; (12-01-2022)<\/p>\n<p><a href=\"https:\/\/femarbel.be\/informations\/info-express\/ie-1239-wallonie-accords-non-marchands-possibilite-de-recours-a-de-lemploi-net-supplementaire\/\" target=\"_blank\" rel=\"noopener\">IE 1239 &#8211; WALLONIE &#8211; ACCORDS NON-MARCHANDS &#8211; POSSIBILITE DE RECOURS A DE L&#8217;EMPLOI NET SUPPLEMENTAIRE<\/a> &#8211; (11-01-2022)<\/p>\n<p><a href=\"https:\/\/femarbel.be\/informations\/info-express\/ie-1238-federal-cp330-baremes-des-travailleurs-financement-forfaitaire-indexation\/\" target=\"_blank\" rel=\"noopener\">IE 1238 &#8211; FEDERAL &#8211; CP330 &#8211; BAREMES DES TRAVAILLEURS &#8211; FINANCEMENT FORFAITAIRE &#8211; INDEXATION<\/a> &#8211; (23-12-2021) &#8211; <a href=\"https:\/\/femarbel.be\/wp-content\/uploads\/2022\/01\/1238-FEDERAAL-\u2013-PC-330-\u2013-BAREMAS-VAN-DE-WERKNEMERS-\u2013-FORFAITAIRE-FINANCIERING-\u2013-INDEXERING.pdf\" target=\"_blank\" rel=\"noopener\"><span style=\"color: #ff0000;\">Version NL<\/span><\/a><\/p>\n<p><a href=\"https:\/\/femarbel.be\/informations\/info-express\/ie-1237-bruxelles-protocole-daccord-non-marchand-2021-2021-lif-ic-et-rien-dautre\/\" target=\"_blank\" rel=\"noopener\">IE 1237 &#8211; BRUXELLES &#8211; PROTOCOLE D&#8217;ACCORD NON MARCHAND 2021-2021 &#8211; L&#8217;IF-IC ET RIEN D&#8217;AUTRE<\/a> &#8211; (23-12-2021) &#8211; <a href=\"https:\/\/femarbel.be\/wp-content\/uploads\/2022\/01\/1237-BRUSSEL-\u2013-PROTOCOLAKKOORD-VOOR-NON-PROFIT-2021-2024-\u2013-IFIC-EN-NIETS-ANDERS\u2026.pdf\" target=\"_blank\" rel=\"noopener\"><span style=\"color: #ff0000;\">Version NL<\/span><\/a><\/p>\n<p><a href=\"https:\/\/femarbel.be\/informations\/info-express\/ie-1236-wallonie-if-ic-formations-pour-les-membres-des-commissions-daccompagnement-et-de-recours\/\" target=\"_blank\" rel=\"noopener\">IE 1236 &#8211; WALLONIE &#8211; IF-IC &#8211; FORMATIONS POUR LES MEMBRES DES COMMISSIONS D&#8217;ACCOMPAGNEMENT ET DE RECOURS<\/a> &#8211; (22-12-2021)<\/p>\n<p><a href=\"https:\/\/femarbel.be\/informations\/info-express\/ie-1235-wallonie-if-ic-communication-generale-aux-travailleurs-pour-le-17-01-2022\/\" target=\"_blank\" rel=\"noopener\">IE 1235 &#8211; WALLONIE &#8211; IF-IC &#8211; COMMUNICATION GENERALE AUX TRAVAILLEURS POUR LE 17.01.2022<\/a> &#8211; (20-12-2021)<\/p>\n<p><a href=\"https:\/\/femarbel.be\/informations\/info-express\/ie-1234-le-mag-nr-2-arrive-dans-vos-boites\/\" target=\"_blank\" rel=\"noopener\">IE 1234 &#8211; LE MAG NR 2 ARRIVE DANS VOS BOITES<\/a> &#8211; (15-12-2021) &#8211; <a href=\"https:\/\/femarbel.be\/wp-content\/uploads\/2022\/01\/1234-LE-MAG-nr.-2-BINNENKORT-IN-UW-BUS.pdf\" target=\"_blank\" rel=\"noopener\"><span style=\"color: #ff0000;\">Version NL<\/span><\/a><\/p>\n<p><a href=\"https:\/\/femarbel.be\/informations\/info-express\/ie-1233bis-wallonie-plan-reac-eu-erratum\/\" target=\"_blank\" rel=\"noopener\">IE 1233Bis &#8211; WALLONIE &#8211; PLAN REAC-EU &#8211; ERRATUM<\/a> &#8211; (17-12-2021)<\/p>\n<p><a href=\"https:\/\/femarbel.be\/informations\/info-express\/ie-1233-wallonie-plan-reac-eu\/\" target=\"_blank\" rel=\"noopener\">IE 1233 &#8211; WALLONIE &#8211; PLAN REAC-EU<\/a> &#8211; (15-12-2021)<\/p>\n<p><a href=\"https:\/\/femarbel.be\/informations\/info-express\/ie1232bis-bruxelles-primes-de-fin-dannee-complement-dinformations-montants-2021-complement-de-800-e\/\" target=\"_blank\" rel=\"noopener\">IE 1232 Bis &#8211; BRUXELLES &#8211; PRIMES DE FIN D&#8217;ANNEE &#8211; COMPLEMENT D&#8217;INFORMATIONS &#8211; MONTANTS 2021 &#8211; COMPLEMENT DE 800 \u20ac<\/a> &#8211; (14-12-2021) &#8211; <a href=\"https:\/\/femarbel.be\/wp-content\/uploads\/2022\/01\/1232Bis-BRUSSEL-EINDEJAARSPREMIE-\u2013-EXTRA-INFORMATIE-\u2013-BEDRAGEN-2021-SUPPLEMENT-VAN-E-800.pdf\" target=\"_blank\" rel=\"noopener\"><span style=\"color: #ff0000;\">Version NL<\/span><\/a><\/p>\n<p><a href=\"https:\/\/femarbel.be\/informations\/info-express\/ie-1232-bruxelles-primes-de-fin-dannee-montants-2021-complements-de-800-e\/\" target=\"_blank\" rel=\"noopener\">IE 1232 &#8211; BRUXELLES &#8211; PRIMES DE FIN D&#8217;ANNEE &#8211; MONTANTS 2021 &#8211; COMPLEMENTS DE 800 \u20ac<\/a> &#8211; (16-12-2021) &#8211; <a href=\"https:\/\/femarbel.be\/wp-content\/uploads\/2022\/01\/1232-BRUSSEL-\u2013-EINDEJAARSPREMIE-\u2013-BEDRAGEN-2021-SUPPLEMENT-VAN-E-800.pdf\" target=\"_blank\" rel=\"noopener\"><span style=\"color: #ff0000;\">Version NL<\/span><\/a><\/p>\n<p><a href=\"https:\/\/femarbel.be\/ie-1231-wallonie-primes-de-fin-dannee-montants-2021\/\" target=\"_blank\" rel=\"noopener\">IE 1231 &#8211; WALLONIE &#8211; PRIMES DE FIN D&#8217;ANNEE &#8211; MONTANTS 2021<\/a> &#8211; (14-12-2021)<\/p>\n<p><a href=\"https:\/\/femarbel.be\/informations\/info-express\/ie-1230-wallonie-cp330-cct-instituant-un-jour-de-conge-exceptionnel-dit-conge-corona-2022\/\" target=\"_blank\" rel=\"noopener\">IE 1230 &#8211; WALLONIE &#8211; CP330 &#8211; CCT INSTITUANT UN JOUR DE CONGE EXCEPTIONNEL DIT \u00ab\u00a0CONGE CORONA\u00a0\u00bb &#8211; 2022<\/a> &#8211; (08-12-2021)<\/p>\n<p><a href=\"https:\/\/femarbel.be\/informations\/info-express\/ie-1229-covid-19-update-wallonie-saint-nicolas-fetes-de-fin-dannee-codeco-du-03-12-2021-et-plan-react-eu-opportunite-a-saisir\/\" target=\"_blank\" rel=\"noopener\">IE 1229 &#8211; COVID 19 UPDATE &#8211; WALLONIE &#8211; SAINT-NICOLAS &#8211; FETES DE FIN D&#8217;ANNEE &#8211; CODECO DU 03.12.2021 &#8211; ET PLAN REACT-EU &#8211; OPPORTUNITE A SAISIR<\/a> &#8211; (02-12-2021)<\/p>\n<p><a href=\"https:\/\/femarbel.be\/informations\/info-express\/ie-1228-vaccination-personnel-3eme-dose-mcc-referent-medecine-du-travail-rappel-des-gestes-barrieres-circulaire-periode-des-fetes-iriscare-facturation-electronique\/\" target=\"_blank\" rel=\"noopener\">IE 1228 &#8211; VACCINATION PERSONNEL 3EME DOSE &#8211; MCC\/REFERENT-MEDECINE DU TRAVAIL &#8211; RAPPEL DES GESTES BARRIERES &#8211; CIRCULAIRE PERIODE DES FETES &#8211; IRISCARE &#8211; FACTURATION ELECTRONIQUE<\/a> &#8211; (02-12-2021) &#8211; <a href=\"https:\/\/femarbel.be\/wp-content\/uploads\/2021\/12\/1228-COVID-19-UPDATE-\u2013-BRUSSEL-\u2013-VACCINATIE-PERSONEEL-3e-DOSIS-\u2013-CRA-CONTACTPERSOON-\u2013-ARBEIDSARTS.pdf\" target=\"_blank\" rel=\"noopener\"><span style=\"color: #ff0000;\">Version NL<\/span><\/a><\/p>\n<p><a href=\"https:\/\/femarbel.be\/informations\/info-express\/ie-1227-covid-19-update-bruxelles-wallonie-vaccination-obligatoire-du-personnel-entree-en-vigueur-champ-dapplication-dun-imperatif-a-un-brol-a-la-sauce-politico-syndicale-francophon\/\" target=\"_blank\" rel=\"noopener\">IE 1227 &#8211; COVID 19 UPDATE &#8211; BRUXELLES-WALLONIE &#8211; VACCINATION OBLIGATOIRE DU PERSONNEL &#8211; ENTREE EN VIGUEUR &#8211; CHAMP D&#8217;APPLICATION &#8211; D&#8217;UN IMPERATIF A UN BROL A LA SAUCE POLITICO-SYNDICALE FRANCOPHONE<\/a> &#8211; (02-12-2021) &#8211; <a href=\"https:\/\/femarbel.be\/wp-content\/uploads\/2021\/12\/1227-COVID-19-UPDATE-\u2013-BRUSSEL-\u2013-WALLONIE-\u2013-VERPLICHTE-VACCINATIE-VAN-HET-PERSONEEL-\u2013-INWERKINGTREDING-\u2013-TOEPASSINGSGEBIED.pdf\" target=\"_blank\" rel=\"noopener\"><span style=\"color: #ff0000;\">Version NL<\/span><\/a><\/p>\n<p><a href=\"https:\/\/femarbel.be\/informations\/info-express\/ie-1226-region-wallonne-medecin-coordinateur-en-mrpa-et-mrs-financement\/\" target=\"_blank\" rel=\"noopener\">IE 1226 &#8211; REGION WALLONNE &#8211; MEDECIN COORDINATEUR EN MRPA ET MRS &#8211; FINANCEMENT<\/a> &#8211; (01-12-2021)<\/p>\n<p><a href=\"https:\/\/femarbel.be\/informations\/info-express\/ie-1225-wallonie-if-ic-dernier-rappel-pour-les-operations-de-lancement-du-processus\/\" target=\"_blank\" rel=\"noopener\">IE 1225 &#8211; WALLONIE &#8211; IF-IC &#8211; DERNIER RAPPEL POUR LES OPERATIONS DE LANCEMENT DU PROCESSUS<\/a> &#8211; (29-11-2021)<\/p>\n<p><a href=\"https:\/\/femarbel.be\/informations\/info-express\/ie-1224-covid-19-update-federal-attestation-de-teletravail-uniquement-pour-le-personnel-susceptible-de-teletravailler\/\" target=\"_blank\" rel=\"noopener\">IE 1224 &#8211; COVID 19 UPDATE &#8211; FEDERAL &#8211; ATTESTATION DE TELETRAVAIL &#8211; UNIQUEMENT POUR LE PERSONNEL SUSCEPTIBLE DE TELETRAVAILLER<\/a> &#8211; (26-11-2021) &#8211; <a href=\"https:\/\/femarbel.be\/wp-content\/uploads\/2021\/12\/1224-COVID-19-UPDATE-\u2013-FEDERAAL-\u2013-ATTEST-VOOR-TELEWERK-\u2013-ENKEL-VOOR-PERSONEEL-DAT-IN-PRINCIPE-KAN-TELEWERKEN.pdf\" target=\"_blank\" rel=\"noopener\"><span style=\"color: #ff0000;\">Version NL<\/span><\/a><\/p>\n<p><a href=\"https:\/\/femarbel.be\/informations\/info-express\/ie-1223-covid-19-update-wallonie-personnel-3eme-dose-date-limite-envoi-des-informations\/\" target=\"_blank\" rel=\"noopener\">IE 1223 &#8211; COVID 19 UPDATE &#8211; WALLONIE &#8211; PERSONNEL 3EME DOSE &#8211; DATE LIMITE ENVOI DES INFORMATIONS<\/a> &#8211; (26-11-2021)<\/p>\n<p><a href=\"https:\/\/femarbel.be\/informations\/info-express\/ie-1222-wallonie-if-ic-designation-du-responsable-processus-pour-le-15-novembre-second-rappel\/\" target=\"_blank\" rel=\"noopener\">IE 1222 &#8211; WALLONIE &#8211; IF-IC &#8211; DESIGNATION DU RESPONSABLE PROCESSUS POUR LE 15 NOVEMBRE &#8211; SECOND RAPPEL<\/a> &#8211; (26-11-2021)<\/p>\n<p><a href=\"https:\/\/femarbel.be\/informations\/info-express\/ie-1221-bruxelles-wallonie-vaccination-du-personnel-de-soins-et-hors-soins\/\" target=\"_blank\" rel=\"noopener\">IE 1221 &#8211; BRUXELLES &#8211; WALLONIE &#8211; VACCINATION DU PERSONNEL DE SOINS ET HORS SOINS<\/a> &#8211; (18-11-2021) &#8211; <a href=\"https:\/\/femarbel.be\/wp-content\/uploads\/2021\/11\/1221-COVID-19-UPDATE-\u2013-BRUSSEL-\u2013-WALLONIE-Verplichte-vaccinatie-van-het-zorgpersoneel-Verplichte-vaccinatie-van-het-niet-verzorgend-personeel.pdf\" target=\"_blank\" rel=\"noopener\"><span style=\"color: #ff0000;\">Version NL<\/span><\/a><\/p>\n<p><a href=\"https:\/\/femarbel.be\/informations\/info-express\/ie-1220-bruxelles-vaccination-3eme-dose-pour-le-personnel-des-mrpa-mrs-et-residences-srevices\/\" target=\"_blank\" rel=\"noopener\">IE 1220 &#8211; BRUXELLES &#8211; VACCINATION &#8211; 3EME DOSE POUR LE PERSONNEL DES MRPA-MRS ET RESIDENCES-SERVICES<\/a> &#8211; (18-11-2021) &#8211; <a href=\"https:\/\/femarbel.be\/wp-content\/uploads\/2021\/11\/1220-BRUSSEL-VACCINATIE-\u2013-3e-DOSIS-VOOR-PERSONEEL-VAN-WZCS-EN-ASSISTENTIEWONINGEN.pdf\" target=\"_blank\" rel=\"noopener\"><span style=\"color: #ff0000;\">Version NL<\/span><\/a><\/p>\n<p><a href=\"https:\/\/femarbel.be\/informations\/info-express\/ie-1219-wallonie-if-ic-constitution-commission-daccompagnement-et-de-recours-interne-pour-le-01-12-2021\/\" target=\"_blank\" rel=\"noopener\">IE 1219 &#8211; WALLONIE &#8211; IF-IC &#8211; CONSTITUTION COMMISSION D&#8217;ACCOMPAGNEMENT ET DE RECOURS INTERNE POUR LE 01.12.2021<\/a> &#8211; (17-11-2021)<\/p>\n<p><a href=\"https:\/\/femarbel.be\/informations\/info-express\/ie-1218-primes-dattractiviite-cp-330-montants-2021\/\" target=\"_blank\" rel=\"noopener\">IE 1218 &#8211; PRIMES D&#8217;ATTRACTIVIITE &#8211; CP 330 &#8211; MONTANTS 2021<\/a> (15-11-2021) &#8211; <a href=\"https:\/\/femarbel.be\/wp-content\/uploads\/2021\/11\/1218-ATTRACTIVITEITSPREMIES-\u2013-PC-330-\u2013-BEDRAGEN-2021.pdf\" target=\"_blank\" rel=\"noopener\"><span style=\"color: #ff0000;\">Version NL<\/span><\/a><\/p>\n<p><a href=\"https:\/\/femarbel.be\/informations\/info-express\/ie-1217-covid-19-update-bruxelles-wallonie-federal\/\" target=\"_blank\" rel=\"noopener\">IE 1217 &#8211; COVID 19 UPDATE &#8211; BRUXELLES &#8211; WALLONIE &#8211; FEDERAL<\/a> &#8211; (10-11-2021) &#8211; <a href=\"https:\/\/femarbel.be\/wp-content\/uploads\/2021\/11\/1217-COVID-19-UPDATE-\u2013-HEROPLEVING-VAN-DE-EPIDEMIE-IN-WZCS-AFSTANDSREGELS-VERPLICHTE-VACCINATIE-VAN-HET-PERSONEEL.pdf\" target=\"_blank\" rel=\"noopener\"><span style=\"color: #ff0000;\">Version NL<\/span><\/a><\/p>\n<p><a href=\"https:\/\/femarbel.be\/informations\/info-express\/ie-1216-if-ic-wallonie-designation-du-responsable-processus-pour-le-15-11-2021-rappel\/\" target=\"_blank\" rel=\"noopener\">IE 1216 &#8211; IF-IC &#8211; WALLONIE &#8211; DESIGNATION DU RESPONSABLE PROCESSUS POUR LE 15.11.2021 &#8211; RAPPEL<\/a> &#8211; (09-11-2021)<\/p>\n<p><a href=\"https:\/\/femarbel.be\/informations\/info-express\/ie-1215-medecin-coordinateur-en-mrpa-mrs-missions-en-region-wallonne\/\" target=\"_blank\" rel=\"noopener\">IE 1215 &#8211; MEDECIN COORDINATEUR EN MRPA-MRS &#8211; MISSIONS &#8211; REGION WALLONNE<\/a> &#8211; (09-11-2021)<\/p>\n<p><a href=\"https:\/\/femarbel.be\/informations\/info-express\/ie-1214-wallonie-if-ic-designation-du-responsable-processus-pour-le-15-novembre\/\" target=\"_blank\" rel=\"noopener\">IE 1214 &#8211; WALLONIE &#8211; IF-IC &#8211; DESIGNATION DU RESPONSABLE-PROCESSUS POUR LE 15 NOVEMBRE<\/a> &#8211; (29-10-2021)<\/p>\n<p><a href=\"https:\/\/femarbel.be\/informations\/info-express\/ie-1213-covid-19-update-wallonie-covid-safe-ticket-cst\/\" target=\"_blank\" rel=\"noopener\">IE 1213 &#8211; COVID 19 UPDATE &#8211; WALLONIE &#8211; COVID SAFE TICKET (CST)<\/a> &#8211; (29-10-2021)<\/p>\n<p><a href=\"https:\/\/femarbel.be\/informations\/info-express\/ie-1212-bruxelles-non-marchand-preavis-de-greve-pour-le-17-novembre-reaction-de-femarbel\/\" target=\"_blank\" rel=\"noopener\">IE 1212 &#8211; BRUXELLES &#8211; NON MARCHAND &#8211; PREAVIS DE GREVE POUR LE 17 NOVEMBRE &#8211; REACTION DE FEMARBEL<\/a> &#8211; (27-10-2021) &#8211; <a href=\"https:\/\/femarbel.be\/wp-content\/uploads\/2021\/11\/1212-BRUSSEL-NON-PROFIT-STAKINGSAANZEGGING-VOOR-17-NOVEMBER-REACTIE-VAN-FEMARBEL.pdf\" target=\"_blank\" rel=\"noopener\"><span style=\"color: #ff0000;\">Version NL<\/span><\/a><\/p>\n<p><a href=\"https:\/\/femarbel.be\/informations\/info-express\/ie-1211-covid-19-update-wallonie-1er-novembre-circulaire\/\" target=\"_blank\" rel=\"noopener\">IE 1211 &#8211; COVID 19 UPDATE &#8211; WALLONIE &#8211; 1ER NOVEMBRE &#8211; CIRCULAIRE<\/a> &#8211; (26-10-2021)<\/p>\n<p><a href=\"https:\/\/femarbel.be\/informations\/info-express\/ie-1210-bruxelles-wallonie-rappel-des-regles-de-protection-sanitaire-et-taux-de-vaccination-des-etablissements\/\" target=\"_blank\" rel=\"noopener\">IE 1210 &#8211; BRUXELLES-WALLONIE- RAPPEL DES REGLES DE PROTECTION SANITAIRE ET TAUX DE VACCINATION DES ETABLISSEMENTS<\/a> &#8211; (21-10-2021) &#8211; <a href=\"https:\/\/femarbel.be\/wp-content\/uploads\/2021\/10\/1210-BRUSSEL\u2013WALLONIE-HERINNERING-AAN-DE-GEZONDHEIDSMAATREGELEN-VACCINATIEGRAAD-VAN-DE-VOORZIENING.pdf\" target=\"_blank\" rel=\"noopener\"><span style=\"color: #ff0000;\">Version NL<\/span><\/a><\/p>\n<p><a href=\"https:\/\/femarbel.be\/informations\/info-express\/ie-1209-covid-19-update-bruxelles-covid-safe-ticket-cst\/\" target=\"_blank\" rel=\"noopener\">IE 1209 &#8211; COVID 19 UPDATE &#8211; BRUXELLES &#8211; COVID SAFE TICKET (CST)<\/a> &#8211; (13-10-2021) &#8211; <a href=\"https:\/\/femarbel.be\/wp-content\/uploads\/2021\/10\/1209-COVID-19-UPDATE-\u2013-BRUSSEL-\u2013-COVID-SAFE-TICKET-CST.pdf\" target=\"_blank\" rel=\"noopener\"><span style=\"color: #ff0000;\">Version NL<\/span><\/a><\/p>\n<p><a href=\"https:\/\/femarbel.be\/informations\/info-express\/ie-1208-cp-330-wallonie-adoption-de-2-cct-implementation-if-ic-et-conge-corona\/\" target=\"_blank\" rel=\"noopener\">IE 1208 &#8211; CP 330 &#8211; WALLONIE &#8211; ADOPTION DE 2 CCT &#8211; IMPLEMENTATION IF-IC ET CONGE CORONA<\/a> &#8211; (12-10-2021)<\/p>\n<p><a href=\"https:\/\/femarbel.be\/informations\/info-express\/ie-1207-region-wallonne-referent-dement\/\" target=\"_blank\" rel=\"noopener\">IE 1207 &#8211; REGION WALLONNE &#8211; REFERENT DEMENT<\/a> &#8211; (04-10-2021)<\/p>\n<p><a href=\"https:\/\/femarbel.be\/informations\/info-express\/ie-1206-covid-19-update-bruxelles-covid-safe-ticket-cst\/\" target=\"_blank\" rel=\"noopener\">IE 1206 &#8211; COVID 19 UPDATE &#8211; BRUXELLES &#8211; COVID SAFE TICKET (CST)<\/a> &#8211; (30-09-2021) &#8211; <a href=\"https:\/\/femarbel.be\/wp-content\/uploads\/2021\/10\/1206-COVID-19-UPDATE-BRUSSEL-COVID-SAFE-TICKET-CST.pdf\" target=\"_blank\" rel=\"noopener\"><span style=\"color: #ff0000;\">Version NL<\/span><\/a><\/p>\n<p><a href=\"https:\/\/femarbel.be\/informations\/info-express\/ie-1205-covid-19-update-federal-prolongation-chomage-temporaire-corona-jusquau-31-12-2021\/\" target=\"_blank\" rel=\"noopener\">IE 1205 &#8211; COVID 19 UPDATE &#8211; FEDERAL &#8211; PROLONGATION CHOMAGE TEMPORAIRE CORONA JUSQU&#8217;AU 31.12.2021<\/a> &#8211; (28-09-2021) &#8211; <a href=\"https:\/\/femarbel.be\/wp-content\/uploads\/2021\/10\/1205-COVID-19-UPDATE-\u2013-FEDERAAL-\u2013-VERLENGING-VAN-TIJDELIJKE-WERKLOOSHEIDSSTELSEL-CORONA-TEM-31122021.pdf\" target=\"_blank\" rel=\"noopener\"><span style=\"color: #ff0000;\">Version NL<\/span><\/a><\/p>\n<p><a href=\"https:\/\/femarbel.be\/informations\/info-express\/ie-1204-covid-19-update-bruxelles-3eme-dose\/\" target=\"_blank\" rel=\"noopener\">IE 1204 &#8211; COVID 19 UPDATE &#8211; BRUXELLES &#8211; 3EME DOSE<\/a> &#8211; (23-09-2021) &#8211; <a href=\"https:\/\/femarbel.be\/wp-content\/uploads\/2021\/10\/1204-COVID-19-UPDATE-\u2013-BRUSSEL-DERDE-DOSIS.pdf\" target=\"_blank\" rel=\"noopener\"><span style=\"color: #ff0000;\">Version NL<\/span><\/a><\/p>\n<p><a href=\"https:\/\/femarbel.be\/informations\/info-express\/ie-1203-covid-19-update-wallonie-3eme-dose-vaccin-enquete-couverture-vaccinale\/\" target=\"_blank\" rel=\"noopener\">IE 1203 &#8211; COVID 19 UPDATE &#8211; WALLONIE &#8211; 3EME DOSE VACCIN &#8211; ENQUETE COUVERTURE VACCINALE<\/a> &#8211; (21-09-2021)<\/p>\n<p><a href=\"https:\/\/femarbel.be\/informations\/info-express\/ie-1202-region-wallonne-integration-des-supplements-dans-le-prix-dhebergement\/\" target=\"_blank\" rel=\"noopener\">IE 1202 &#8211; REGION WALLONNE &#8211; INTEGRATION DES SUPPLEMENTS DANS LE PRIX D&#8217;HEBERGEMENT<\/a> &#8211; (15-09-2021)<\/p>\n<p><a href=\"https:\/\/femarbel.be\/informations\/info-express\/ie-1201-covid-19-update-bruxelles-et-wallonie-covid-safe-ticket-cst\/\" target=\"_blank\" rel=\"noopener\">IE 1201 &#8211; COVID 19 UPDATE &#8211; BRUXELLES ET WALLONIE &#8211; COVID SAFE TICKET (CST)<\/a> &#8211; (15-09-2021) &#8211; <a href=\"https:\/\/femarbel.be\/wp-content\/uploads\/2021\/09\/1201-COVID-19-UPDATE-BRUSSEL-WALLONIE-COVID-SAFE-TICKET-CST.pdf\" target=\"_blank\" rel=\"noopener\"><span style=\"color: #ff0000;\">Version NL<\/span><\/a><\/p>\n<p><a href=\"https:\/\/femarbel.be\/informations\/info-express\/ie-1200-invitation-le-point-sur-lintroduction-prochaine-de-la-classification-if-ic-en-wallonie\/\" target=\"_blank\" rel=\"noopener\">IE 1200 &#8211; INVITATION &#8211; LE POINT SUR L&#8217;INTRODUCTION PROCHAINE DE LA CLASSIFICATION IF-IC EN WALLONIE<\/a> &#8211; (15-09-2021)<\/p>\n<p><a href=\"https:\/\/femarbel.be\/informations\/info-express\/ie-1199-covid-19-update-covid-safe-ticket-cst-extension-aux-maisons-de-repos\/\" target=\"_blank\" rel=\"noopener\">IE 1199 &#8211; COVID 19 UPDATE &#8211; COVID SAFE TICKET (CST) &#8211; EXTENSION AUX MAISONS DE REPOS<\/a> &#8211; (08-09-2021) &#8211; <a href=\"https:\/\/femarbel.be\/wp-content\/uploads\/2021\/09\/1199-COVID-19-UPDATE-\u2013-COVID-SAFE-TICKET-CST-\u2013-UITBREIDING-RUSTHUIZEN.pdf\" target=\"_blank\" rel=\"noopener\"><span style=\"color: #ff0000;\">Version NL<\/span><\/a><\/p>\n<p><a href=\"https:\/\/femarbel.be\/informations\/info-express\/ie-1198-cp-330-financement-forfaitaire-bareme-des-travailleurs-indexations\/\" target=\"_blank\" rel=\"noopener\">IE 1198 &#8211; CP 330 &#8211; FINANCEMENT FORFAITAIRE &#8211; BAREME DES TRAVAILLEURS &#8211; INDEXATIONS<\/a> &#8211; (31-08-2021) &#8211; <a href=\"https:\/\/femarbel.be\/wp-content\/uploads\/2021\/09\/1198-PC-330\u2013FORFAITAIRE-FINANCIERING-\u2013-BAREMAS-VAN-DE-WERKNEMERS-INDEXERING.pdf\" target=\"_blank\" rel=\"noopener\"><span style=\"color: #ff0000;\">Version NL<\/span><\/a><\/p>\n<p><a href=\"https:\/\/femarbel.be\/informations\/info-express\/ie-1197-iriscare-pseudo-codes-de-nomenclature\/\" target=\"_blank\" rel=\"noopener\">IE 1197 &#8211; IRISCARE &#8211; PSEUDO-CODES DE NOMENCLATURE<\/a> &#8211; (16-08-2021) &#8211; <a href=\"https:\/\/femarbel.be\/wp-content\/uploads\/2021\/08\/1197-IRISCARE-\u2013-PSEUDONOMENCLATUURCODES-NL-2.pdf\" target=\"_blank\" rel=\"noopener\"><span style=\"color: #ff0000;\">Version NL<\/span><\/a><\/p>\n<p><a href=\"https:\/\/femarbel.be\/informations\/info-express\/ie-1196-wallonie-inondations-repondre-aux-besoins-en-matiere-de-logement\/\" target=\"_blank\" rel=\"noopener\">IE 1196 &#8211; WALLONIE &#8211; INONDATIONS &#8211; REPONDRE AUX BESOINS EN MATIERE DE LOGEMENT<\/a> &#8211; (13-08-2021)<\/p>\n<p><a href=\"https:\/\/femarbel.be\/informations\/info-express\/ie-1195-covid-19-update-federal-heures-supplementaires-volontaires-application-de-laccord-interprofessionnel-sur-les-heures-de-relance-dans-lattente-de-la-publication-de-la-loi\/\" target=\"_blank\" rel=\"noopener\">IE 1195 &#8211; COVID 19 UPDATE &#8211; FEDERAL &#8211; HEURES SUPPLEMENTAIRES VOLONTAIRES &#8211; APPLICATION DE L&#8217;ACCORD INTERPROFESSIONNEL SUR LES HEURES DE RELANCE DANS L&#8217;ATTENTE DE LA PUBLICATION DE LA LOI<\/a> &#8211; (06-08-2021) &#8211; <a href=\"https:\/\/femarbel.be\/wp-content\/uploads\/2021\/08\/1195-UPDATE-COVID-19-\u2013-FEDERAAL-\u2013-VRIJWILLIGE-OVERUREN-\u2013-TOEPASSING-VAN-HET-INTERPROFESSIONEEL-SOCIAAL-AKKOORD-OVER-DE-RELANCE-UREN-IN-AFWACHTING-VAN-DE-PUBLICATIE-VAN-DE-WET.pdf\" target=\"_blank\" rel=\"noopener\"><span style=\"color: #ff0000;\">Version NL<\/span><\/a><\/p>\n<p><a href=\"https:\/\/femarbel.be\/informations\/info-express\/ie-1194-covid-19-update-federal-plan-de-paiement-des-dettes-fiscales-pour-les-entreprises-en-difficulte\/\" target=\"_blank\" rel=\"noopener\">IE 1194 &#8211; COVID 19 UPDATE &#8211; FEDERAL &#8211; PLAN DE PAIEMENT DES DETTES FISCALES POUR LES ENTREPRISES EN DIFFICULTE<\/a> &#8211; (05-08-2021) &#8211; <a href=\"https:\/\/femarbel.be\/wp-content\/uploads\/2021\/08\/1194-UPDATE-COVID-19-\u2013-FEDERAAL-\u2013-AFBETALINGSPLAN-VOOR-FISCALE-SCHULDEN-VOOR-ONDERNEMINGEN-MET-BETALINGSMOEILIJKHEDEN.pdf\" target=\"_blank\" rel=\"noopener\"><span style=\"color: #ff0000;\">Version NL<\/span><\/a><\/p>\n<p><a href=\"https:\/\/femarbel.be\/informations\/info-express\/ie-1193-inondations-onem-regles-specifiques-en-matiere-de-chomage-temporaire\/\" target=\"_blank\" rel=\"noopener\">IE 1193 &#8211; INONDATIONS &#8211; ONEM &#8211; REGLES SPECIFIQUES EN MATIERE DE CHOMAGE TEMPORAIRE<\/a> &#8211; (28-07-2021)<\/p>\n<p><a href=\"https:\/\/femarbel.be\/informations\/info-express\/ie-1192-inondations-onss-mesures-durgence-pour-les-employeurs-victimes-dinondations\/\" target=\"_blank\" rel=\"noopener\">IE 1192 &#8211; INONDATIONS &#8211; ONSS &#8211; MESURES D&#8217;URGENCE POUR LES EMPLOYEURS VICTIMES D&#8217;INONDATIONS<\/a> &#8211; (28-07-2021)<\/p>\n<p><a href=\"https:\/\/femarbel.be\/informations\/info-express\/ie-1191-wallonie-inondations-aides-a-la-reconstruction\/\" target=\"_blank\" rel=\"noopener\">IE 1191 &#8211; WALLONIE &#8211; INONDATIONS &#8211; AIDES A LA RECONSTRUCTION<\/a> &#8211; (27-07-2021)<\/p>\n<p><a href=\"https:\/\/femarbel.be\/informations\/info-express\/ie-1190-wallonie-inondations-consequences-possibles-en-matiere-dexecution-des-contrats-de-travail\/\" target=\"_blank\" rel=\"noopener\">IE 1190 &#8211; WALLONIE &#8211; INONDATIONS &#8211; CONSEQUENCES POSSIBLES EN MATIERE D&#8217;EXECUTION DES CONTRATS DE TRAVAIL<\/a> &#8211; (20-07-2021)<\/p>\n<p><a href=\"https:\/\/femarbel.be\/informations\/info-express\/ie-1189-wallonie-inondations\/\" target=\"_blank\" rel=\"noopener\">IE 1189 &#8211; WALLONIE INONDATIONS<\/a> &#8211; (16\/07\/2021)<\/p>\n<p><a href=\"https:\/\/femarbel.be\/informations\/info-express\/ie-1188-wallonie-inondations-centre-regional-des-crise\/\" target=\"_blank\" rel=\"noopener\">IE 1188 &#8211; WALLONIE INONDATIONS &#8211; CENTRE REGIONAL DE CRISE<\/a> &#8211; (15\/07\/2021)<\/p>\n<p><a href=\"https:\/\/femarbel.be\/informations\/info-express\/ie-1187-covid-19-update-bruxelles-reprise-des-controles-kappa\/\" target=\"_blank\" rel=\"noopener\">IE 1187 &#8211; COVID 19 UPDATE \u2013 BRUXELLES \u2013 REPRISE DES CONTR\u00d4LES KAPPA<\/a> &#8211; (13\/07\/2021) &#8211; <a href=\"https:\/\/femarbel.be\/wp-content\/uploads\/2021\/07\/1187-COVID-19-UPDATE-\u2013-BRUSSEL-\u2013-HERVATTING-VAN-DE-KAPPA-CONTROLES.pdf\" target=\"_blank\" rel=\"noopener\"><span style=\"color: #ff0000;\">Version NL<\/span><\/a><\/p>\n<p><a href=\"https:\/\/femarbel.be\/informations\/info-express\/ie-1186-covid-19-update-region-wallonne-intervention-dans-le-prix-de-journee\/\" target=\"_blank\" rel=\"noopener\">IE 1186 &#8211; COVID 19 UPDATE \u2013 REGION WALLONNE \u2013 INTERVENTION DANS LE PRIX DE JOURNEE <\/a>\u00a0&#8211; (09\/07\/2021)<\/p>\n<p><a href=\"https:\/\/femarbel.be\/informations\/info-express\/ie-1185-covid-19-update-federal-prolongation-jusquau-30-septembre-2021-des-mesures-de-soutien-temporaires-adoptees-dans-le-cadre-de-la-pandemie\/\" target=\"_blank\" rel=\"noopener\">IE 1185 &#8211; COVID 19 UPDATE &#8211; FEDERAL &#8211; PROLONGATION JUSQU&#8217;AU 30 SEPTEMBRE 2021 DES MESURES DE SOUTIEN TEMPORAIRES ADOPTEES DANS LE CADRE DE LA PANDEMIE<\/a> &#8211; (02-07-2021) &#8211; <a href=\"https:\/\/femarbel.be\/wp-content\/uploads\/2021\/07\/1185-COVID-19-\u2013-UPDATE-\u2013-FEDERAAL-\u2013-VERLENGING-VAN-DE-AANGENOMEN-TIJDELIJKE-STEUNMAATREGELEN-IN-HET-KADER-VAN-DE-PANDEMIE-TOT-EN-MET-30-SEPTEMBER-2021.pdf\" target=\"_blank\" rel=\"noopener\"><span style=\"color: #ff0000;\">Version NL<\/span><\/a><\/p>\n<p><a href=\"https:\/\/femarbel.be\/informations\/info-express\/ie-1184-covid-19-update-federal-fin-de-la-declaration-de-teletravail\/\" target=\"_blank\" rel=\"noopener\">IE 1184 &#8211; COVID 19 UPDATE &#8211; FEDERAL &#8211; FIN DE LA DECLARATION DE TELETRAVAIL<\/a> &#8211; (25-06-2021) &#8211; <a href=\"https:\/\/femarbel.be\/wp-content\/uploads\/2021\/06\/1184-COVID-19-\u2013-FEDERAAL-\u2013-EINDE-TELEWERKAANGIFTE.pdf\" target=\"_blank\" rel=\"noopener\"><span style=\"color: #ff0000;\">Version NL<\/span><\/a><\/p>\n<p><a href=\"https:\/\/femarbel.be\/informations\/info-express\/ie-1183-covid-19-update-federal-special-conges-dete-et-retour-de-vacances\/\" target=\"_blank\" rel=\"noopener noreferrer\">IE 1183 &#8211; COVID 19 UPDATE &#8211; FEDERAL &#8211; SPECIAL CONGES D&#8217;ETE ET RETOUR DE VACANCES<\/a> &#8211; (09-06-2021) &#8211; <a href=\"https:\/\/femarbel.be\/wp-content\/uploads\/2021\/06\/1183-COVID-19-UPDATE-\u2013-FEDERAAL-\u2013-SPECIAAL-ZOMERVERLOF-EN-TERUGKEER-VAN-VAKANTIE.pdf\" target=\"_blank\" rel=\"noopener noreferrer\"><span style=\"color: #ff0000;\">Version NL<\/span><\/a><\/p>\n<p><a href=\"https:\/\/femarbel.be\/informations\/info-express\/ie-1182-covid-19-update-federal-heures-supplementaires-volontaires\/\" target=\"_blank\" rel=\"noopener noreferrer\">IE 1182 &#8211; COVID 19 UPDATE &#8211; FEDERAL &#8211; HEURES SUPPLEMENTAIRES VOLONTAIRES<\/a> &#8211; (04-06-2021) &#8211; <a href=\"https:\/\/femarbel.be\/wp-content\/uploads\/2021\/06\/1182-COVID-19-UPDATE-\u2013-FEDERAAL-\u2013-VRIJWILLIGE-OVERUREN.pdf\" target=\"_blank\" rel=\"noopener noreferrer\"><span style=\"color: #ff0000;\">Version NL<\/span><\/a><\/p>\n<p><a href=\"https:\/\/femarbel.be\/informations\/info-express\/ie-1181-wallonie-accord-cadre-du-secteur-non-marchand-2021-2024-260-millions-pour-engager-du-personnel-complementaire-et-augmenter-les-salaires\/\" target=\"_blank\" rel=\"noopener noreferrer\">IE 1181-WALLONIE-ACCORD CADRE DU SECTEUR NON MARCHAND 2021-2024-260 MILLIONS POUR ENGAGER DU PERSONNEL COMPLEMENTAIRE ET AUGMENTER LES SALAIRES<\/a> &#8211; (01-06-2021)<\/p>\n<p><a href=\"https:\/\/femarbel.be\/informations\/info-express\/ie-1180-covid-19-update-iriscare-adaptation-de-la-strategie-de-vaccination-et-circulaire-assouplissements-en-vue\/\" target=\"_blank\" rel=\"noopener noreferrer\">IE 1180 &#8211; COVID 19 UPDATE &#8211; IRISCARE &#8211; ADAPTATION DE LA STRATEGIE DE VACCINATION ET CIRCULAIRE ASSOUPLISSEMENTS EN VUE<\/a> &#8211; (26-05-2021) &#8211; <a href=\"https:\/\/femarbel.be\/wp-content\/uploads\/2021\/05\/1180-COVID-19-UPDATE-\u2013-IRISCARE-\u2013-AANPASSING-VAN-DE-VACCINATIESTRATEGIE-OMZENDBRIEF-VERSOEPELINGEN-IN-ZICHT.pdf\" target=\"_blank\" rel=\"noopener noreferrer\"><span style=\"color: #ff0000;\">Version NL<\/span><\/a><\/p>\n<p><a href=\"https:\/\/femarbel.be\/informations\/info-express\/ie-1179-covid-19-update-federal-declaration-teletravail-juin-disponible-depuis-le-15-05-2021-iriscare-questionnaire-ventilation\/\" target=\"_blank\" rel=\"noopener noreferrer\">IE 1179 &#8211; COVID 19 UPDATE &#8211; FEDERAL &#8211; DECLARATION TELETRAVAIL DU MOIS DE JUIN DISPONIBLE DEPUIS LE 15\/05\/2021 &#8211; IRISCARE &#8211; QUESTIONNAIRE VENTILATION<\/a> &#8211; (19\/05\/2021) &#8211; <a href=\"https:\/\/femarbel.be\/wp-content\/uploads\/2021\/05\/1179-COVID-19-UPDATE-\u2013-FEDERAAL-TELEWERKAANGIFTE-VOOR-DE-MAAND-JUNI-BESCHIKBAAR-SINDS-15-MEI-IRISCARE\u2013VRAGENLIJST-VENTILATIE.pdf\" target=\"_blank\" rel=\"noopener noreferrer\"><span style=\"color: #ff0000;\">Version NL\u00a0<\/span><\/a><\/p>\n<p><a href=\"https:\/\/femarbel.be\/informations\/info-express\/ie-1178-covid-19-update-bruxelles-augmentation-des-forfaits-mcc-medecin-referent-et-materiel-de-protection\/\" target=\"_blank\" rel=\"noopener noreferrer\">IE 1178 &#8211; COVID 19 UPDATE &#8211; BRUXELLES &#8211; AUGMENTATION DES FORFAITS MCC\/MEDECIN REFERENT ET MATERIEL DE PROTECTION<\/a> &#8211; (19\/05\/2021) &#8211; <a href=\"https:\/\/femarbel.be\/wp-content\/uploads\/2021\/05\/1178-COVID-19-UPDATE-\u2013-BRUSSEL-VERHOGING-VAN-DE-FORFAITS-CRA-VERWIJZENDE-ARTS-EN-BESCHERMINGSMIDDELEN.pdf\" target=\"_blank\" rel=\"noopener noreferrer\"><span style=\"color: #ff0000;\">Version NL<\/span><\/a><\/p>\n<p><a href=\"https:\/\/femarbel.be\/informations\/info-express\/ie-1177-covid-19-update-wallonie-sante-lance-le-pret-propulsion-en-soutien-solvabilite-acteurs-secteur-sante\/\" target=\"_blank\" rel=\"noopener noreferrer\">IE 1177 &#8211; COVID 19 UPDATE &#8211; WALLONIE SANTE LANCE LE PRET PROPULSION EN SOUTIEN DE LA SOLVABILITE DES ACTEURS DU SECTEUR DE LA SANTE<\/a> &#8211; (10-05-2021)<\/p>\n<p><a href=\"https:\/\/femarbel.be\/informations\/info-express\/ie-1176-covid-19-update-federal-donnees-en-matiere-de-teletravail-declaration-de-mai-complement-dinformations-de-lonss\/\" target=\"_blank\" rel=\"noopener noreferrer\">IE 1176 &#8211; COVID 19 UPDATE &#8211; FEDERAL &#8211; DONNEES EN MATIERE DE TELETRAVAIL &#8211; DECLARATION DE MAI &#8211; COMPLEMENT D&#8217;INFORMATIONS DE L&#8217;ONSS<\/a> &#8211; (05-05-2021) &#8211; <a href=\"https:\/\/femarbel.be\/wp-content\/uploads\/2021\/05\/1176-COVID-19-UPDATE-\u2013-FEDERAAL-\u2013-GEGEVENS-INZAKE-TELEWERK-\u2013-AANGIFTE-VAN-MEI-\u2013-AANVULLENDE-INFORMATIE-VAN-DE-RSZ.pdf\" target=\"_blank\" rel=\"noopener noreferrer\"><span style=\"color: #ff0000;\">Version NL<\/span><\/a><\/p>\n<p><a href=\"https:\/\/femarbel.be\/informations\/info-express\/ie-1175-covid-19-update-federal-travail-etudiant-absence-de-precompte\/\" target=\"_blank\" rel=\"noopener noreferrer\">IE 1175 &#8211; COVID 19 UPDATE &#8211; FEDERAL &#8211; TRAVAIL ETUDIANT &#8211; ABSENCE DE PRECOMPTE<\/a> &#8211; (04-05-2021) &#8211; <a href=\"https:\/\/femarbel.be\/wp-content\/uploads\/2021\/05\/1175-COVID-19-\u2013-UPDATE-\u2013-FEDERAAL-\u2013-STUDENTENWERK-\u2013-GEEN-VOORHEFFING.pdf\" target=\"_blank\" rel=\"noopener noreferrer\"><span style=\"color: #ff0000;\">Version NL<\/span><\/a><\/p>\n<p><a href=\"https:\/\/femarbel.be\/informations\/info-express\/ie-1174-fin-du-support-pour-internet-explorer-11-passage-vers-un-nouveau-navigateur\/\" target=\"_blank\" rel=\"noopener noreferrer\">IE 1174 &#8211; FIN DU SUPPORT POUR INTERNET EXPLORER &#8211; PASSAGE VERS UN NOUVEAU NAVIGATEUR<\/a> &#8211; (29-04-2021)<\/p>\n<p><a href=\"https:\/\/femarbel.be\/informations\/info-express\/ie-1173-informations-de-notre-partenaire-java-foodservice\/\" target=\"_blank\" rel=\"noopener noreferrer\">IE 1173 &#8211; INFORMATIONS DE NOTRE PARTENAIRE JAVA FOODSERVICE<\/a> &#8211; (29-04-2021)<\/p>\n<p><a href=\"https:\/\/femarbel.be\/informations\/info-express\/ie-1172-covid-19-update-federal-donnees-en-matiere-de-teletravail-declaration-du-mois-de-mai\/\" target=\"_blank\" rel=\"noopener noreferrer\">IE 1172 &#8211; COVID 19 UPDATE &#8211; FEDERAL &#8211; DONNEES EN MATIERE DE TELETRAVAIL &#8211; DECLARATION DU MOIS DE MAI<\/a> &#8211; (26-04-2021) &#8211; <a href=\"https:\/\/femarbel.be\/wp-content\/uploads\/2021\/04\/1172-COVID-19-UPDATE-\u2013-FEDERAAL-\u2013-GEGEVENS-INZAKE-TELEWERK-\u2013-AANGIFTE-VAN-MEI.pdf\" target=\"_blank\" rel=\"noopener noreferrer\"><span style=\"color: #ff0000;\">Version NL<\/span><\/a><\/p>\n<p><a href=\"https:\/\/femarbel.be\/informations\/info-express\/ie-1171-wallonie-vaccination-one-shot-equipes-mobiles-de-larmee-compensation-pertes-de-prix-hebergement\/\" target=\"_blank\" rel=\"noopener noreferrer\">IE 1171 &#8211; WALLONIE &#8211; VACCINATION ONE SHOT EQUIPES MOBILES DE L&#8217;ARMEE &#8211; COMPENSATION PERTES DE PRIX HEBERGEMENT<\/a> &#8211; (16-04\/2021)<\/p>\n<p><a href=\"https:\/\/femarbel.be\/informations\/info-express\/ie-1170-federal-prolongation-jusquau-30-juin-mesures-de-soutien-temporaires-dans-le-cadre-de-la-pandemie\/\" target=\"_blank\" rel=\"noopener noreferrer\">IE 1170 &#8211; FEDERAL &#8211; PROLONGATION JUSQU&#8217;AU 30 JUIN DES MESURES DE SOUTIEN TEMPORAIRES DANS LE CADRE DE LA PANDEMIE<\/a> &#8211; (14-04-2021) &#8211; <a href=\"https:\/\/femarbel.be\/wp-content\/uploads\/2021\/04\/1170-COVID-19-UPDATE\u2013FEDERAAL-\u2013-VERLENGING-TIJDELIJKE-STEUNMAATREGELEN-PANDEMIE-TEM-30.06.21.pdf\" target=\"_blank\" rel=\"noopener noreferrer\"><span style=\"color: #ff0000;\">Version NL<\/span><\/a><\/p>\n<p><a href=\"https:\/\/femarbel.be\/informations\/info-express\/ie-1169-covid-19-update-wallonie-immunisation-des-forfaits-et-intervention-dans-le-prix-de-journee\/\" target=\"_blank\" rel=\"noopener noreferrer\">IE 1169 &#8211; COVID 19 UPDATE &#8211; WALLONIE &#8211; IMMUNISATION DES FORFAITS ET INTERVENTION DANS LE PRIX DE JOURNEE<\/a> &#8211; (12-04-2021)<\/p>\n<p><a href=\"https:\/\/femarbel.be\/informations\/info-express\/ie-1168-covid-19-update-federal-teletravail-obligation-de-declaration-a-lonss-suite\/\" target=\"_blank\" rel=\"noopener noreferrer\">IE 1168 &#8211; COVID 19 UPDATE &#8211; FEDERAL &#8211; TELETRAVAIL &#8211; OBLIGATION DE DECLARATION A L&#8217;ONSS (SUITE)<\/a> &#8211; (09-04-2021) &#8211; <a href=\"https:\/\/femarbel.be\/wp-content\/uploads\/2021\/04\/1168-COVID-19-UPDATE-\u2013-FEDERAAL-\u2013-TELEWERK-\u2013-VERPLICHTING-TOT-AANGIFTE-BIJ-DE-RSZ-VERVOLG.pdf\" target=\"_blank\" rel=\"noopener noreferrer\"><span style=\"color: #ff0000;\">Version NL<\/span><\/a><\/p>\n<p><a href=\"https:\/\/femarbel.be\/informations\/info-express\/ie-1167-covid-19-update-federal-vaccination-petit-chomage-suite\/\" target=\"_blank\" rel=\"noopener noreferrer\">IE 1167 &#8211; COVID 19 UPDATE &#8211; FEDERAL &#8211; VACCINATION &#8211; PETIT CHOMAGE (SUITE)<\/a> &#8211; (09-04-2021) &#8211; <a href=\"https:\/\/femarbel.be\/wp-content\/uploads\/2021\/04\/1167-COVID-19-UPDATE-\u2013-FEDERAAL-\u2013-VACCINATIE-\u2013-KLEIN-VERLET-VERVOLG.pdf\" target=\"_blank\" rel=\"noopener noreferrer\"><span style=\"color: #ff0000;\">Version NL<\/span><\/a><\/p>\n<p><a href=\"https:\/\/femarbel.be\/informations\/info-express\/ie-1166-covid-19-update-wallonie-coiffeurs-interdiction-et-immunisation-des-forfaits\/\" target=\"_blank\" rel=\"noopener noreferrer\">IE 1166 &#8211; COVID 19 UPDATE &#8211; WALLONIE &#8211; COIFFEURS &#8211; INTERDICTION ET IMMUNISATION DES FORFAITS<\/a> &#8211; (01-04-2021)<\/p>\n<p><a href=\"https:\/\/femarbel.be\/informations\/info-express\/ie-1165-covid-19-update-wallonie-vaccination-equipe-de-larmee-imprecision-correction\/\" target=\"_blank\" rel=\"noopener noreferrer\">IE 1165 &#8211; COVID 19 UPDATE &#8211; WALLONIE &#8211; VACCINATION EQUIPE DE L&#8217;ARMEE &#8211; IMPRECISION &#8211; CORRECTION<\/a> &#8211; (01-04-2021)<\/p>\n<p><a href=\"https:\/\/femarbel.be\/informations\/info-express\/ie-1164-covid-19-update-chomage-temporaire-corona-pour-la-garde-dun-enfant\/\" target=\"_blank\" rel=\"noopener noreferrer\">IE 1164 &#8211; COVID 19 UPDATE &#8211; CHOMAGE TEMPORAIRE CORONA POUR LA GARDE D&#8217;UN ENFANT<\/a> &#8211; (30-03-2021) &#8211; <a href=\"https:\/\/femarbel.be\/wp-content\/uploads\/2021\/04\/1164-COVID-19-UPDATE-\u2013-FEDERAAL-\u2013-TIJDELIJKE-WERKLOOSHEID-CORONA-VOOR-KINDEROPVANG.pdf\" target=\"_blank\" rel=\"noopener noreferrer\"><span style=\"color: #ff0000;\">Version NL<\/span><\/a><\/p>\n<p><a href=\"https:\/\/femarbel.be\/informations\/info-express\/ie-1163-accord-non-marchand-2018-2019-bruxelles-donnees-mobilite\/\" target=\"_blank\" rel=\"noopener noreferrer\">IE 1163 &#8211; ACCORD NON MARCHAND 2018-2019 &#8211; BRUXELLES &#8211; DONNEES MOBILITE<\/a> &#8211; (30-03-2021) &#8211; <a href=\"https:\/\/femarbel.be\/wp-content\/uploads\/2021\/03\/1163-NON-PROFITAKKOORD-2018-2019-\u2013-BRUSSEL-\u2013-MOBILITEITSGEGEVENS.pdf\" target=\"_blank\" rel=\"noopener noreferrer\"><span style=\"color: #ff0000;\">Version NL<\/span><\/a><\/p>\n<p><a href=\"https:\/\/femarbel.be\/informations\/info-express\/ie-1162-covid-19-update-federal-obligation-de-declaration-a-lonss-des-donnees-en-matiere-de-teletravail\/\" target=\"_blank\" rel=\"noopener noreferrer\">IE 1162 &#8211; COVID 19 UPDATE &#8211; FEDERAL &#8211; OBLIGATION DE DECLARATION A L&#8217;ONSS DES DONNEES EN MATIERE DE TELETRAVAIL<\/a> &#8211; (29-03-2021) &#8211; <a href=\"https:\/\/femarbel.be\/wp-content\/uploads\/2021\/03\/1162-COVID-19-UPDATE-\u2013-FEDERAAL-\u2013-VERPLICHTING-TOT-AANGIFTE-BIJ-DE-RSZ-VAN-DE-GEGEVENS-INZAKE-TELEWERK.pdf\"><span style=\"color: #ff0000;\">Version NL<\/span><\/a><\/p>\n<p><a href=\"https:\/\/femarbel.be\/informations\/info-express\/ie-1161-covid-19-update-wallonie-vaccination-unique-de-rattrapage-dans-les-etablissements\/\" target=\"_blank\" rel=\"noopener noreferrer\">IE 1161 &#8211; COVID 19 UPDATE &#8211; WALLONIE &#8211; VACCINATION UNIQUE DE RATTRAPAGE DANS LES ETABLISSEMENTS<\/a> &#8211; (29-03-2021)<\/p>\n<p><a href=\"https:\/\/femarbel.be\/informations\/info-express\/ie-1160-covid-19-update-wallonie-codeco-fermeture-des-salons-de-coiffure-consequences\/\" target=\"_blank\" rel=\"noopener noreferrer\">IE 1160 &#8211; COVID 19 UPDATE &#8211; WALLONIE &#8211; CODECO &#8211; FERMETURE DES SALONS DE COIFFURE &#8211; CONSEQUENCES<\/a> &#8211; (29-03-2021)<\/p>\n<p><a href=\"https:\/\/femarbel.be\/informations\/info-express\/ie-1159-actions-syndicales-lundi-29-mars-2021\/\" target=\"_blank\" rel=\"noopener noreferrer\">IE 1159 &#8211; ACTIONS SYNDICALES &#8211; LUNDI 29 MARS 2021<\/a> &#8211; (26-03-2021) &#8211; <a href=\"https:\/\/femarbel.be\/wp-content\/uploads\/2021\/04\/1159-VAKBONDSACTIES-\u2013-MAANDAG-29-MAART-2021.pdf\" target=\"_blank\" rel=\"noopener noreferrer\"><span style=\"color: #ff0000;\">Version NL<\/span><\/a><\/p>\n<p><a href=\"https:\/\/femarbel.be\/informations\/info-express\/ie-1158-covid-19-update-federal-conge-de-vaccination\/\" target=\"_blank\" rel=\"noopener noreferrer\">IE 1158 &#8211; COVID 19 UPDATE &#8211; FEDERAL &#8211; CONGE DE VACCINATION<\/a> &#8211; (26-03-2021) &#8211; <a href=\"https:\/\/femarbel.be\/wp-content\/uploads\/2021\/04\/1158-COVID-19-\u2013-UPDATE-\u2013-FEDERAAL-\u2013-VACCINATIEVERLOF.pdf\" target=\"_blank\" rel=\"noopener noreferrer\"><span style=\"color: #ff0000;\">Version NL<\/span><\/a><\/p>\n<p><a href=\"https:\/\/femarbel.be\/informations\/info-express\/ie-1157-covid-19-update-federal-prolongation-des-mesures-de-soutien-temporaires-dans-le-cadre-de-la-pandemie\/\" target=\"_blank\" rel=\"noopener noreferrer\">IE 1157 &#8211; COVID 19 UPDATE &#8211; FEDERAL &#8211; PROLONGATION DES MESURES DE SOUTIEN TEMPORAIRES DANS LE CADRE DE LA PANDEMIE<\/a> &#8211; (17-03-2021) &#8211; <a href=\"https:\/\/femarbel.be\/wp-content\/uploads\/2021\/03\/1157-COVID-19-UPDATE-\u2013-FEDERAAL-\u2013-VERLENGING-VAN-DE-TIJDELIJKE-STEUNMAATREGELEN-IN-HET-KADER-VAN-DE-PANDEMIE.pdf\" target=\"_blank\" rel=\"noopener noreferrer\"><span style=\"color: #ff0000;\">Version NL<\/span><\/a><\/p>\n<p><a href=\"https:\/\/femarbel.be\/informations\/info-express\/ie-1156-covid-19-update-wallonie-aviq-vaccination\/\" target=\"_blank\" rel=\"noopener noreferrer\">IE 1156 &#8211; COVID 19 UPDATE &#8211; WALLONIE &#8211; AVIQ &#8211; VACCINATION<\/a> &#8211; (10-03-2021)<\/p>\n<p><a href=\"https:\/\/femarbel.be\/informations\/info-express\/ie-1155-covid-19-update-calcul-et-recuperation-compensation-60-eur\/\" target=\"_blank\" rel=\"noopener noreferrer\">IE 1155 &#8211; COVID 19 UPDATE &#8211; CALCUL ET RECUPERATION COMPENSATION &#8211; 60 EUR<\/a> &#8211; (04-03-2021) &#8211; <a href=\"https:\/\/femarbel.be\/wp-content\/uploads\/2021\/03\/1155-COVID-19-UPDATE-\u2013-IRISCARE-\u2013-BEREKENING-EN-TERUGVORDERING-TEGEMOETKOMING-VAN-60-EUR.pdf\" target=\"_blank\" rel=\"noopener noreferrer\"><span style=\"color: #ff0000;\">Version NL<\/span><\/a><\/p>\n<p><a href=\"https:\/\/femarbel.be\/informations\/info-express\/ie-1154-duo-catering-best-deal-nouveaux-partenaires\/\" target=\"_blank\" rel=\"noopener noreferrer\">IE 1154 &#8211; DUO CATERING &#8211; BEST DEAL &#8211; NOUVEAUX PARTENAIRES<\/a> &#8211; (02-03-2021)<\/p>\n<p><a href=\"https:\/\/femarbel.be\/informations\/info-express\/IE1153-covid-19-update-iriscare-circulaire-deconfinement\/\" target=\"_blank\" rel=\"noopener noreferrer\">IE 1153 &#8211; COVID 19 UPDATE &#8211; IRISCARE &#8211; CIRCULAIRE DECONFINEMENT<\/a> &#8211; (25-02-2021) &#8211; <a href=\"https:\/\/femarbel.be\/wp-content\/uploads\/2021\/03\/1153-COVID-19-UPDATE-IRISCARE-OMZENDBRIEF-AFBOUW-VAN-DE-LOCKDOWN.pdf\" target=\"_blank\" rel=\"noopener noreferrer\"><span style=\"color: #ff0000;\">Version NL<\/span><\/a><\/p>\n<p><a href=\"https:\/\/femarbel.be\/informations\/info-express\/ie-1152-covid-19-update-bruxelles-wallonie-coiffeurs-accord-rmg\/\" target=\"_blank\" rel=\"noopener noreferrer\">IE 1152 &#8211; COVID 19 UPDATE &#8211; BRUXELLES-WALLONIE &#8211; COIFFEURS &#8211; ACCORD RMG<\/a> &#8211; (15-02-2021) &#8211; <a href=\"https:\/\/femarbel.be\/wp-content\/uploads\/2021\/02\/1152-COVID-19-UPDATE-BRUSSEL-\u2013-WALLONIE-\u2013-KAPPERS-\u2013-AKKOORD-RMG.pdf\" target=\"_blank\" rel=\"noopener noreferrer\"><span style=\"color: #ff0000;\">Version NL<\/span><\/a><\/p>\n<p><a href=\"https:\/\/femarbel.be\/informations\/info-express\/ie-1151-covid-19-update-wallonie-deconfinement-coiffeurs\/\" target=\"_blank\" rel=\"noopener noreferrer\">IE 1151 &#8211; COVID 19 UPDATE &#8211; WALLONIE &#8211; DECONFINEMENT COIFFEURS<\/a> &#8211; (12-02-2021)<\/p>\n<p><a href=\"https:\/\/femarbel.be\/informations\/info-express\/ie-1150-covid-19-update-bruxelles-deconfinement-limite-et-conditionne-au-15-02-2021-perspectives-au-01-03-2021\/\" target=\"_blank\" rel=\"noopener noreferrer\">IE 1150 &#8211; COVID 19 UPDATE &#8211; BRUXELLES &#8211; DECONFINEMENT LIMITE ET CONDITIONNE AU 15.02.2021 &#8211; PERSPECTIVES AU 01.03.2021<\/a> &#8211; (12-02-2021) &#8211; <a href=\"https:\/\/femarbel.be\/wp-content\/uploads\/2021\/02\/1150-COVID-19-UPDATE-BRUSSEL-BEPERKTE-EN-VOORWAARDELIJKE-AFBOUW-VAN-DE-LOCKDOWN-OP-15-FEBRUARI-\u2013-VOORUITZICHTEN-VOOR-1-MAART.pdf\" target=\"_blank\" rel=\"noopener noreferrer\"><span style=\"color: #ff0000;\">Version NL<\/span><\/a><\/p>\n<p><a href=\"https:\/\/femarbel.be\/informations\/info-express\/ie-1149-covid-19-update-campagne-de-vaccination-faq\/\" target=\"_blank\" rel=\"noopener noreferrer\">IE 1149 &#8211; COVID 19 UPDATE &#8211; CAMPAGNE DE VACCINATION &#8211; FAQ<\/a> &#8211; (01-02-2021) &#8211; <a href=\"https:\/\/femarbel.be\/wp-content\/uploads\/2021\/02\/1149-COVID-19-UPDATE-\u2013-VACCINATIECAMPAGNE-\u2013-FAQ.pdf\" target=\"_blank\" rel=\"noopener noreferrer\"><span style=\"color: #ff0000;\">Version NL<\/span><\/a><\/p>\n<p><a href=\"https:\/\/femarbel.be\/informations\/info-express\/ie-1148-reaction-a-lemission-investigations-communique-de-presse\/\" target=\"_blank\" rel=\"noopener noreferrer\">IE 1148 &#8211; REACTIONS A L&#8217;EMISSION INVESTIGATIONS &#8211; COMMUNIQUE DE PRESSE<\/a> &#8211; (28\/01\/2021)<\/p>\n<p><a href=\"https:\/\/femarbel.be\/informations\/info-express\/ie-1147-covid-19-update-occupation-de-chomeurs-temporaires-ou-en-rcc\/\" target=\"_blank\" rel=\"noopener noreferrer\">IE 1147 &#8211; COVID 19 UPDATE &#8211; OCCUPATION DE CHOMEURS TEMPORAIRES OU EN RCC<\/a> &#8211; (22-01-2021) &#8211; <a href=\"https:\/\/femarbel.be\/wp-content\/uploads\/2021\/01\/1147-COVID-19-UPDATE-\u2013-TEWERKSTELLING-VAN-TIJDELIJK-WERKLOZEN-OF-BTR.pdf\" target=\"_blank\" rel=\"noopener noreferrer\"><span style=\"color: #ff0000;\">Version NL<\/span><\/a><\/p>\n<p><a href=\"https:\/\/femarbel.be\/informations\/info-express\/ie-1146-covid-19-update-bruxelles-wallonie-vaccination-adhesion-insuffisante-du-personnel-actions\/\" target=\"_blank\" rel=\"noopener noreferrer\">IE 1146 &#8211; COVID 19 UPDATE &#8211; BRUXELLES-WALLONIE &#8211; VACCINATION &#8211; ADHESION INSUFFISANTE DU PERSONNEL &#8211; ACTIONS<\/a> &#8211; (22-01-2021) &#8211; <a href=\"https:\/\/femarbel.be\/wp-content\/uploads\/2021\/01\/1146-COVID-19-UPDATE-\u2013-BRUSSEL-\u2013-WALLONIE-\u2013-VACCINATIE-\u2013-ONVOLDOENDE-DEELNAME-VAN-HET-PERSONEEL-\u2013-ACTIES.pdf\" target=\"_blank\" rel=\"noopener noreferrer\"><span style=\"color: #ff0000;\">Version NL<\/span><\/a><\/p>\n<p><a href=\"https:\/\/femarbel.be\/informations\/info-express\/ie-1145-covid-19-update-federal-vaccination-et-droit-social\/\" target=\"_blank\" rel=\"noopener noreferrer\">IE 1145 &#8211; COVID 19 UPDATE &#8211; FEDERAL &#8211; VACCINATION ET DROIT SOCIAL<\/a> &#8211; (20-01-2021) &#8211; <a href=\"https:\/\/femarbel.be\/wp-content\/uploads\/2021\/01\/1145-COVID-19-UPDATE-\u2013-FEDERAAL-VACCINATIE-EN-SOCIAAL-RECHT.pdf\" target=\"_blank\" rel=\"noopener noreferrer\"><span style=\"color: #ff0000;\">Version NL<\/span><\/a><\/p>\n<p><a href=\"https:\/\/femarbel.be\/informations\/info-express\/ie-1144-covid-19-update-bruxelles-vaccination-forfaits-2021\/\" target=\"_blank\" rel=\"noopener noreferrer\">IE 1144 &#8211; COVID 19 UPDATE &#8211; BRUXELLES &#8211; VACCINATION &#8211; FORFAITS 2021<\/a> &#8211; (13-01-2021) &#8211; <a href=\"https:\/\/femarbel.be\/wp-content\/uploads\/2021\/01\/1144-COVID-19-UPDATE-\u2013-BRUSSEL-\u2013-VACCINATIE-FORFAITS-VOOR-2021.pdf\" target=\"_blank\" rel=\"noopener noreferrer\"><span style=\"color: #ff0000;\">Version NL<\/span><\/a><\/p>\n<p><a href=\"https:\/\/femarbel.be\/informations\/info-express\/ie-1143-covid-19-update-bruxelles-wallonie-vial-pfizer-validations-6-doses-vaccination-du-personnel\/\" target=\"_blank\" rel=\"noopener noreferrer\">IE 1143 &#8211; COVID 19 UPDATE &#8211; BRUXELLES &#8211; WALLONIE &#8211; VIAL PFIZER &#8211; VALIDATION 6 DOSES &#8211; VACCINATION DU PERSONNEL<\/a> &#8211; (08-01-2021) &#8211; <a href=\"https:\/\/femarbel.be\/wp-content\/uploads\/2021\/01\/1143-COVID-19-UPDATE-\u2013-BRUSSEL-\u2013-WALLONIE-\u2013-PFIZER-INJECTIEFLACON-\u2013-VALIDATIE-6-DOSES-\u2013-VOORWAARDEN.pdf\" target=\"_blank\" rel=\"noopener noreferrer\"><span style=\"color: #ff0000;\">Version NL<\/span><\/a><\/p>\n<p><a href=\"https:\/\/femarbel.be\/informations\/info-express\/ie-1142-covid-19-update-bruxelles-vaccination-acceleration-personnel-intervention-medecine-du-travail\/\" target=\"_blank\" rel=\"noopener noreferrer\">IE 1142 &#8211; COVID 19 UPDATE &#8211; BRUXELLES &#8211; VACCINATION &#8211; ACCELERATION &#8211; PERSONNEL &#8211; INTERVENTION MEDECINE DU TRAVAIL<\/a> &#8211; (07-01-2021) &#8211; <a href=\"https:\/\/femarbel.be\/wp-content\/uploads\/2021\/01\/1142-COVID-19-UPDATE-\u2013-BRUSSEL-\u2013-VACCINATIE-\u2013-VERSNELLING-\u2013-PERSONEEL-\u2013-TUSSENKOMST-VAN-DE-ARBEIDSGENEESKUNDE.pdf\" target=\"_blank\" rel=\"noopener noreferrer\"><span style=\"color: #ff0000;\">Version NL<\/span><\/a><\/p>\n<p><a href=\"https:\/\/femarbel.be\/informations\/info-express\/ie-1141-covid-19-update-prime-dencouragement-de-985-e-pecule-de-vacances\/\" target=\"_blank\" rel=\"noopener noreferrer\">IE 1141 &#8211; COVID 19 UPDATE &#8211; PRIME D&#8217;ENCOURAGEMENT DE 985 \u20ac &#8211; PECULE DE VACANCES<\/a> &#8211; (06-01-2021) &#8211; <a href=\"https:\/\/femarbel.be\/wp-content\/uploads\/2021\/01\/1141-COVID-19-UPDATE-\u2013-AANMOEDIGINGSPREMIE-VAN-E-985-VAKANTIEGELD.pdf\" target=\"_blank\" rel=\"noopener noreferrer\"><span style=\"color: #ff0000;\">Version NL<\/span><\/a><\/p>\n<p><a href=\"https:\/\/femarbel.be\/informations\/info-express\/ie-1140-covid-19-update-wallonie-debut-de-la-campagne-de-vaccination\/\" target=\"_blank\" rel=\"noopener noreferrer\">IE 1140 &#8211; COVID 19 UPDATE &#8211; WALLONIE &#8211; DEBUT DE LA CAMPAGNE DE VACCINATION<\/a> &#8211; (05-01-2020)<\/p>\n<p><a href=\"https:\/\/femarbel.be\/informations\/info-express\/ie-1139-covid-19-update-federal-mesures-temporaires-de-soutien-dans-le-cadre-de-la-pandemie\/\" target=\"_blank\" rel=\"noopener noreferrer\">IE 1139 &#8211; COVID 19 UPDATE &#8211; FEDERAL &#8211; MESURES TEMPORAIRES DE SOUTIEN DANS LE CADRE DE LA PANDEMIE<\/a> &#8211; (04\/01\/2020) &#8211; <a href=\"https:\/\/femarbel.be\/wp-content\/uploads\/2021\/01\/1139-COVID-19-\u2013-UPDATE-\u2013-FEDERAAL-\u2013-TIJDELIJKE-ONDERSTEUNINGSMAATREGELEN-IN-HET-KADER-VAN-DE-PANDEMIE.pdf\" target=\"_blank\" rel=\"noopener noreferrer\"><span style=\"color: #ff0000;\">Version NL<\/span><\/a><\/p>\n<p><a href=\"https:\/\/femarbel.be\/informations\/info-express\/ie-1138-covid-19-update-wallonie-bruxelles-remuneration-frais-de-deplacement-premieres-vaccinations\/\" target=\"_blank\" rel=\"noopener noreferrer\">IE 1138 &#8211; COVID 19 UPDATE &#8211; WALLONIE-BRUXELLES &#8211; REMUNERATION FRAIS DE DEPLACEMENT &#8211; PREMIERES VACCINATIONS<\/a> (31-12-2020) &#8211; <a href=\"https:\/\/femarbel.be\/wp-content\/uploads\/2021\/01\/1138-COVID-19-UPDATE-WALLONIE-BRUSSEL-BEZOLDIGING-EN-VERPLAATSINGSKOSTEN-PUNT-IN-HET-RECHT.pdf\" target=\"_blank\" rel=\"noopener noreferrer\"><span style=\"color: #ff0000;\">Version NL<\/span><\/a><\/p>\n<p><a href=\"https:\/\/femarbel.be\/informations\/info-express\/ie-1137-covid-19-update-wallonie-premieres-vaccinations\/\" target=\"_blank\" rel=\"noopener noreferrer\">IE 1137 &#8211; COVID 19 UPDATE &#8211; WALLONIE &#8211; PREMIERES VACCINATIONS<\/a> &#8211; (30-12-2020)<\/p>\n<p><a href=\"https:\/\/femarbel.be\/informations\/info-express\/ie-1136-covid-19-update-wallonie-adaptation-de-la-circulaire-visites-du-11-12-2020\/\" target=\"_blank\" rel=\"noopener noreferrer\">IE 1136 &#8211; COVID 19 UPDATE &#8211; WALLONIE &#8211; ADAPTATION DE LA CIRCULAIRE VISITES DU 11\/12\/2020<\/a> &#8211; (29-12-2020)<\/p>\n<p><a href=\"https:\/\/femarbel.be\/informations\/info-express\/ie-1135-covid-19-update-bruxelles-campagne-de-vaccination\/\" target=\"_blank\" rel=\"noopener noreferrer\">IE 1135 &#8211; COVID 19 UPDATE &#8211; BRUXELLES &#8211; CAMPAGNE DE VACCINATION<\/a> &#8211; (28-12-2020) &#8211; <a href=\"https:\/\/femarbel.be\/wp-content\/uploads\/2020\/12\/1135-COVID-19-UPDATE-\u2013-BRUSSEL-\u2013-VACCINATIECAMPAGNE.pdf\" target=\"_blank\" rel=\"noopener noreferrer\"><span style=\"color: #ff0000;\">Version NL<\/span><\/a><\/p>\n<p><a href=\"https:\/\/femarbel.be\/informations\/info-express\/ie-1134-covid-19-update-wallonie-adaptation-circulaire-11-12-2020-prime-dencouragement-de-985-e\/\" target=\"_blank\" rel=\"noopener noreferrer\">IE 1134 &#8211; COVID 19 UPDATE &#8211; WALLONIE &#8211; ADAPTATION CIRCULAIRE 11\/12\/2020 &#8211; PRIME D&#8217;ENCOURAGEMENT DE 985 \u20ac<\/a> &#8211; (28-12-2020)<\/p>\n<p><a href=\"https:\/\/femarbel.be\/informations\/info-express\/ie-1133-covid-19-update-wallonie-debut-de-la-campagne-de-vaccination-complement-dinformations-reponse-urgente-a-laviq\/\" target=\"_blank\" rel=\"noopener noreferrer\">IE 1133 &#8211; COVID 19 UPDATE &#8211; WALLONIE &#8211; DEBUT DE LA CAMPAGNE DE VACCINATION &#8211; COMPLEMENT D&#8217;INFORMATIONS &#8211; REPONSE URGENTE A L&#8217;AVIQ<\/a> &#8211; (28-12-2020)<\/p>\n<p><a href=\"https:\/\/femarbel.be\/informations\/info-express\/ie-1132-meilleurs-voeux-a-toutes-et-a-tous\/\" target=\"_blank\" rel=\"noopener noreferrer\">IE 1132 &#8211; MEILLEURS VOEUX A TOUTES ET A TOUS<\/a> &#8211; (23-12-2020) &#8211; <a href=\"https:\/\/femarbel.be\/wp-content\/uploads\/2020\/12\/1132-BESTE-WENSEN-AAN-IEDEREEN.pdf\" target=\"_blank\" rel=\"noopener noreferrer\"><span style=\"color: #ff0000;\">Version NL<\/span><\/a><\/p>\n<p><a href=\"https:\/\/femarbel.be\/informations\/info-express\/ie-1131-covid-19-update-iriscare-operation-vaccination\/\" target=\"_blank\" rel=\"noopener noreferrer\">IE 1131 &#8211; COVID 19 UPDATE &#8211; IRISCARE &#8211; OPERATION VACCINATION<\/a> &#8211; (23-12-2020) &#8211; <a href=\"https:\/\/femarbel.be\/wp-content\/uploads\/2020\/12\/1131-COVID-19-UPDATE-\u2013-IRISCARE-\u2013-VACCINATIEOPERATIE.pdf\" target=\"_blank\" rel=\"noopener noreferrer\"><span style=\"color: #ff0000;\">Version NL<\/span><\/a><\/p>\n<p><a href=\"https:\/\/femarbel.be\/informations\/info-express\/ie-1130-covid-19-update-wallonie-operation-vaccination\/\" target=\"_blank\" rel=\"noopener noreferrer\">IE 1130 &#8211; COVID 19 UPDATE &#8211; WALLONIE &#8211; OPERATION VACCINATION<\/a> &#8211; (23-12-2020)<\/p>\n<p><a href=\"https:\/\/femarbel.be\/informations\/info-express\/ie-1129-covid-19-update-bruxelles-vaccination-circulaire-du-18-decembre-2020\/\" target=\"_blank\" rel=\"noopener noreferrer\">IE 1129 &#8211; COVID 19 UPDATE &#8211; BRUXELLES &#8211; VACCINATION &#8211; CIRCULAIRE DU 18 DECEMBRE 2020<\/a> &#8211; (21-12-2020) &#8211; <a href=\"https:\/\/femarbel.be\/wp-content\/uploads\/2020\/12\/1129-COVID-19-\u2013-BRUSSEL-\u2013-VACCINATIE-\u2013-RONDZENDBRIEF.pdf\" target=\"_blank\" rel=\"noopener noreferrer\"><span style=\"color: #ff0000;\">Version NL<\/span><\/a><\/p>\n<p><a href=\"https:\/\/femarbel.be\/informations\/info-express\/ie-1128-covid-19-update-bruxelles-prime-unique-dencouragement-de-985-e\/\" target=\"_blank\" rel=\"noopener noreferrer\">IE 1128 &#8211; COVID 19 UPDATE &#8211; BRUXELLES &#8211; PRIME UNIQUE D&#8217;ENCOURAGEMENT DE 985 \u20ac<\/a> &#8211; (18-12-2020) &#8211; <a href=\"https:\/\/femarbel.be\/wp-content\/uploads\/2020\/12\/1128-COVID-19-\u2013-UPDATE-\u2013-BRUSSEL-EENMALIGE-AANMOEDIGINGSPREMIE-VAN-E-985.pdf\" target=\"_blank\" rel=\"noopener noreferrer\"><span style=\"color: #ff0000;\">Version NL<\/span><\/a><\/p>\n<p><a href=\"https:\/\/femarbel.be\/informations\/info-express\/ie-1127-covid-19-update-bruxelles-iriscare-pseudo-codes\/\" target=\"_blank\" rel=\"noopener noreferrer\">IE 1127 &#8211; COVID 19 UPDATE &#8211; BRUXELLES &#8211; IRISCARE &#8211; PSEUDO CODES<\/a> &#8211; (18-12-2020) &#8211; <a href=\"https:\/\/femarbel.be\/wp-content\/uploads\/2020\/12\/1127-IRISCARE-PSEUDOCODES-NL.pdf\" target=\"_blank\" rel=\"noopener noreferrer\"><span style=\"color: #ff0000;\">Version NL<\/span><\/a><\/p>\n<p><a href=\"https:\/\/femarbel.be\/informations\/info-express\/ie-1126-covid-19-update-wallonie-vaccination-mail-aviq-deadline-18-decembre-1ere-decision-du-call-en-cours\/\" target=\"_blank\" rel=\"noopener noreferrer\">IE 1126 &#8211; COVID 19 UPDATE &#8211; WALLONIE &#8211; VACCINATION &#8211; MAIL AVIQ &#8211; DEADLINE 18 DECEMBRE &#8211; 1ERE DECISION DU CALL EN COURS<\/a> &#8211; (17\/12\/2020)<\/p>\n<p><a href=\"https:\/\/femarbel.be\/informations\/info-express\/ie-1125-covid-19-update-wallonie-vaccination-mail-aviq-deadline-18-decembre\/\" target=\"_blank\" rel=\"noopener noreferrer\">IE 1125 &#8211; COVID 19 UPDATE &#8211; WALLONIE &#8211; VACCINATION &#8211; MAIL AVIQ &#8211; DEADLINE 18 DECEMBRE<\/a> &#8211; (17\/12\/2020)<\/p>\n<p><a href=\"https:\/\/femarbel.be\/informations\/info-express\/ie-1124-covid-19-update-federal-heures-supplementaires-volontaires\/\" target=\"_blank\" rel=\"noopener noreferrer\">IE 1124 &#8211; COVID 19 UPDATE &#8211; FEDERAL &#8211; HEURES SUPPLEMENTAIRES VOLONTAIRES<\/a> &#8211; (15\/12\/2020) &#8211; <a href=\"https:\/\/femarbel.be\/wp-content\/uploads\/2020\/12\/1124-COVID-19-UPDATE-\u2013-FEDERAAL-\u2013-VRIJWILLIGE-OVERUREN.pdf\" target=\"_blank\" rel=\"noopener noreferrer\"><span style=\"color: #ff0000;\">Version NL<\/span><\/a><\/p>\n<p><a href=\"https:\/\/femarbel.be\/informations\/info-express\/ie-covid-19-update-bruxelles-reglement-visites-vaccination-testing-preventif\/\" target=\"_blank\" rel=\"noopener noreferrer\">IE 1123 &#8211; COVID 19 UPDATE &#8211; BRUXELLES &#8211; REGLEMENT VISITES &#8211; VACCINATION &#8211; TESTING PREVENTIF<\/a> &#8211; (14-12-2020) &#8211; <a href=\"https:\/\/femarbel.be\/wp-content\/uploads\/2020\/12\/1123-COVID-19-UPDATE-BRUSSEL\u2013REGLEMENT-VOOR-BEZOEKEN-VACCINATIE-PREVENTIEF-TESTEN-1.pdf\" target=\"_blank\" rel=\"noopener noreferrer\"><span style=\"color: #ff0000;\">Version NL<\/span><\/a><\/p>\n<p><a href=\"https:\/\/femarbel.be\/informations\/info-express\/ie-1122-covid-19-update-wallonie-visites-periode-des-fetes\/\" target=\"_blank\" rel=\"noopener noreferrer\">IE 1122 &#8211; COVID-19 UPDATE \u2013 WALLONIE \u2013 VISITES \u2013 PERIODE DES FETES<\/a> (11-12-2020)<\/p>\n<p><a href=\"https:\/\/femarbel.be\/informations\/info-express\/ie-1121-covid-19-update-federal-possibilite-de-report-des-conges-legaux-en-2021-et-travail-des-etudiants\/\" target=\"_blank\" rel=\"noopener noreferrer\">IE 1121 &#8211; COVID 19 UPDATE &#8211; FEDERAL &#8211; POSSIBILITE DE REPORT DES CONGES LEGAUX EN 2021 ET TRAVAIL DES ETUDIANTS<\/a> (11-12-2020) &#8211; <a href=\"https:\/\/femarbel.be\/wp-content\/uploads\/2020\/12\/1121-COVID-19-UPDATE-FEDERAAL-MOGELIJKHEID-TOT-OVERDRACHT-VAKANTIEDAGEN-NAAR-2021-EN-JOBSTUDENTEN.pdf\" target=\"_blank\" rel=\"noopener noreferrer\"><span style=\"color: #ff0000;\">Version NL<\/span><\/a><\/p>\n<p><a href=\"https:\/\/femarbel.be\/informations\/info-express\/ie-1120-covid-19-update-wallonie-vaccination\/\" target=\"_blank\" rel=\"noopener noreferrer\">IE 1120 &#8211; COVID 19 UPDATE &#8211; WALLONIE &#8211; VACCINATION<\/a> (11-12-2020)<\/p>\n<p><a href=\"https:\/\/femarbel.be\/informations\/info-express\/ie-1119-covid-19-update-prime-unique-dencouragement-de-985-e-wallonie\/\" target=\"_blank\" rel=\"noopener noreferrer\">IE 1119 &#8211; COVID-19 \u2013 UPDATE \u2013 PRIME UNIQUE D\u2019ENCOURAGEMENT DE 985 \u20ac \u2013 WALLONIE<\/a> &#8211; (09-12-2020)<\/p>\n<p><a href=\"https:\/\/femarbel.be\/informations\/info-express\/ie-1118-covid-19-update-bruxelles-epi-centrale-dachat\/\" target=\"_blank\" rel=\"noopener noreferrer\">IE 1118 &#8211; COVID 19 UPDATE &#8211; BRUXELLES &#8211; EPI &#8211; CENTRALE D&#8217;ACHAT<\/a> &#8211; (07-12-2020) &#8211; <a href=\"https:\/\/femarbel.be\/wp-content\/uploads\/2020\/12\/1118-COVID-19-UPDATE-EPI-CENTRALE-DACHAT-IRISCARE-NL.pdf\" target=\"_blank\" rel=\"noopener noreferrer\"><span style=\"color: #ff0000;\">Version NL<\/span><\/a><\/p>\n<p><a href=\"https:\/\/femarbel.be\/informations\/info-express\/ie-1117-covid-19-update-enquete-sur-la-situation-et-les-besoins-des-entreprises-dans-le-cadre-du-coronavirus\/\" target=\"_blank\" rel=\"noopener noreferrer\">IE 1117 &#8211; COVID 19 UPDATE &#8211; ENQUETE SUR LA SITUATION ET LES BESOINS DES ENTREPRISES DANS LE CADRE DU CORONAVIRUS<\/a> (07-12-2020) &#8211; <a href=\"https:\/\/femarbel.be\/wp-content\/uploads\/2020\/12\/1117-COVID-19-UPDATE-ENQUETE-SITUATION-DES-ENTREPRISES-NL.pdf\" target=\"_blank\" rel=\"noopener noreferrer\"><span style=\"color: #ff0000;\">Version NL<\/span><\/a><\/p>\n<p><a href=\"https:\/\/femarbel.be\/ie-1116-covid-19-update-wallonie-tests-salivaires-2eme-vague-reprise-de-controle\/\" target=\"_blank\" rel=\"noopener noreferrer\">IE 1116 &#8211; COVID 19 UPDATE &#8211; WALLONIE &#8211; TESTS SALIVAIRES &#8211; 2EME VAGUE &#8211; REPRISE DE CONTROLE<\/a> (02-12-2020)<\/p>\n<p><a href=\"https:\/\/femarbel.be\/informations\/info-express\/ie-1115-covid-19-update-prime-exceptionnelle-de-985-e-wallonie-et-bruxelles\/\" target=\"_blank\" rel=\"noopener noreferrer\">IE 1115 &#8211; COVID 19 UPDATE &#8211; PRIME EXCEPTIONNELLE DE 985 \u20ac &#8211; WALLONIE ET BRUXELLES<\/a> &#8211; (27-11-2020) &#8211; <a href=\"https:\/\/femarbel.be\/wp-content\/uploads\/2020\/11\/1115-COVID-19-UPDATE-\u2013-UITZONDERLIJKE-PREMIE-VAN-E-985-\u2013-OOK-IN-WALLONIE-EN-BRUSSEL.pdf\" target=\"_blank\" rel=\"noopener noreferrer\"><span style=\"color: #ff0000;\">Version NL<\/span><\/a><\/p>\n<p><a href=\"https:\/\/femarbel.be\/informations\/info-express\/ie-1114-covid-19-update-federal-volontariat-maisons-secteur-prive-commercial-et-heures-supplementaires\/\" target=\"_blank\" rel=\"noopener noreferrer\">IE 1114 &#8211; COVID 19 UPDATE \u2013 FEDERAL \u2013 VOLONTARIAT MAISONS SECTEUR PRIVE COMMERCIAL ET HEURES SUPPLEMENTAIRES<\/a> &#8211; (24-11-2020) &#8211; <a href=\"https:\/\/femarbel.be\/wp-content\/uploads\/2020\/11\/1114-UPDATE-COVID-19-FEDERAAL-VRIJWILLIGERSWERK-IN-COMMERCIELE-RUSTHUIZEN-EN-OVERUREN.pdf\" target=\"_blank\" rel=\"noopener noreferrer\"><span style=\"color: #ff0000;\">Version NL<\/span><\/a><\/p>\n<p><a href=\"https:\/\/femarbel.be\/informations\/info-express\/ie-1113-primes-de-fin-dannee-wallonie-corrigendum\/\" target=\"_blank\" rel=\"noopener noreferrer\">IE 1113 &#8211; PRIMES DE FIN D\u2019ANNEE \u2013 WALLONIE \u2013 CORRIGENDUM<\/a> &#8211; (24-11-2020)<\/p>\n<p><a href=\"https:\/\/femarbel.be\/informations\/info-express\/ie-1112b-primes-de-fin-dannee-wallonie-montants-2020-erratum\/\" target=\"_blank\" rel=\"noopener noreferrer\">IE 1112b &#8211; PRIMES DE FIN D&#8217;ANNEE &#8211; WALLONIE &#8211; MONTANTS 2020 &#8211; ERRATUM<\/a> &#8211; (23-11-2020)<\/p>\n<p><a href=\"https:\/\/femarbel.be\/informations\/info-express\/ie-1112-primes-de-fin-dannee-wallonie-montants-2020\/\" target=\"_blank\" rel=\"noopener noreferrer\">IE 1112 &#8211; PRIMES DE FIN D&#8217;ANNEE &#8211; WALLONIE &#8211; MONTANTS 2020<\/a> &#8211; (23-11-2020)<\/p>\n<p><a href=\"https:\/\/femarbel.be\/informations\/info-express\/ie-1111-primes-de-fin-dannee-bruxelles-montants-2020\/\" target=\"_blank\" rel=\"noopener noreferrer\">IE 1111 &#8211; PRIMES DE FIN D\u2019ANNEE \u2013 BRUXELLES \u2013 MONTANTS 2020<\/a> &#8211; (20-11-2020) &#8211; <a href=\"https:\/\/femarbel.be\/wp-content\/uploads\/2020\/11\/1111-EINDEJAARSPREMIES-\u2013-BRUSSEL-\u2013-BEDRAGEN-2020.pdf\" target=\"_blank\" rel=\"noopener noreferrer\"><span style=\"color: #ff0000;\">Version NL<\/span><\/a><\/p>\n<p><a href=\"https:\/\/femarbel.be\/informations\/info-express\/ie-1110-covid-19-update-cotisations-onss-delais-et-plans-de-paiement-amiables\/\" target=\"_blank\" rel=\"noopener noreferrer\">IE 1110 &#8211; COVID 19 UPDATE &#8211; COTISATIONS ONSS &#8211; DELAIS ET PLANS DE PAIEMENT AMIABLES<\/a> &#8211; (20-11-2020) &#8211; <a href=\"https:\/\/femarbel.be\/wp-content\/uploads\/2020\/11\/1110-COVID-19-UPDATE\u2013RSZ-BIJDRAGEN\u2013TERMIJNEN-EN-MINNELIJKE-AFBETALINGSPLANNEN.pdf\" target=\"_blank\" rel=\"noopener noreferrer\"><span style=\"color: #ff0000;\">Version NL<\/span><\/a><\/p>\n<p><a href=\"https:\/\/femarbel.be\/informations\/info-express\/ie-1109-covid-19-update-primes-dattractivite-cp-330-montants-2020\/\" target=\"_blank\" rel=\"noopener noreferrer\">IE 1109 &#8211; COVID 19 UPDATE &#8211; PRIMES D&#8217;ATTRACTIVITE &#8211; CP 330 &#8211; MONTANTS 2020<\/a> &#8211; (19-11-2020) &#8211; <a href=\"https:\/\/femarbel.be\/wp-content\/uploads\/2020\/11\/1109-ATTRACTIVITEITSPREMIES-\u2013-PC-330-\u2013-BEDRAGEN-2020.pdf\" target=\"_blank\" rel=\"noopener noreferrer\"><span style=\"color: #ff0000;\">Version NL<\/span><\/a><\/p>\n<p><a href=\"https:\/\/femarbel.be\/informations\/info-express\/ie-1108-covid-19-update-wallonie-compensation-hebergement-demande-aviq-tests-lettre-des-fede\/\" target=\"_blank\" rel=\"noopener noreferrer\">IE 1108 &#8211; COVID 19 UPDATE &#8211; WALLONIE &#8211; COMPENSATION HEBERGEMENT &#8211; DEMANDE AVIQ &#8211; TESTS &#8211; LETTRE DES FEDERATIONS<\/a> &#8211; (18-11-2020)<\/p>\n<p><a href=\"https:\/\/femarbel.be\/informations\/info-express\/ie-1107-covid-19-update-wallonie-tests-salivaires\/\" target=\"_blank\" rel=\"noopener noreferrer\">IE 1107 &#8211; COVID 19 UPDATE &#8211; WALLONIE &#8211; TESTS SALIVAIRES<\/a> &#8211; (12-11-2020)<\/p>\n<p><a href=\"https:\/\/femarbel.be\/informations\/info-express\/ie-1106-covid-19-update-femarbel-enquete-sur-la-seconde-vague\/\" target=\"_blank\" rel=\"noopener noreferrer\">IE 1106 &#8211; COVID 19 UPDATE &#8211; FEMARBEL &#8211; ENQUETE SUR LA SECONDE VAGUE<\/a> &#8211; (12-11-2020)<\/p>\n<p><a href=\"https:\/\/femarbel.be\/informations\/info-express\/ie-1105-covid-19-update-federal-art-infirmier\/\" target=\"_blank\" rel=\"noopener noreferrer\">IE 1105 \u2013 COVID 19 UPDATE \u2013 FEDERAL \u2013 ART INFIRMIER<\/a> &#8211; (05-11-2020) &#8211; <a href=\"https:\/\/femarbel.be\/wp-content\/uploads\/2020\/11\/1105-COVID-19-UPDATE-FEDERAAL-VERPLEEGKUNDE.pdf\" target=\"_blank\" rel=\"noopener noreferrer\"><span style=\"color: #ff0000;\">Version NL<\/span><\/a><\/p>\n<p><a href=\"https:\/\/femarbel.be\/ie-1104-covid-19-update-federal-femarbel-requiert-la-possibilite-de-recourir-temporairement-au-volontariat-dans-les-maisons-de-repos-privees\/\" target=\"_blank\" rel=\"noopener noreferrer\">IE 1104 &#8211; COVID 19 UPDATE &#8211; FEDERAL &#8211; FEMARBEL REQUIERT LA POSSIBILITE DE RECOURIR TEMPORAIREMENT AU VOLONTARIAT DANS LES MAISONS DE REPOS PRIVEES<\/a> &#8211; (05-11-2020) &#8211; <a href=\"https:\/\/femarbel.be\/wp-content\/uploads\/2020\/11\/1104-COVID-19-UPDATE-FEDERAAL-MOGELIJKHEID-TTG-VAN-VRIJWILLIGERSWERK.pdf\" target=\"_blank\" rel=\"noopener noreferrer\"><span style=\"color: #ff0000;\">Version NL<\/span><\/a><\/p>\n<p><a href=\"https:\/\/femarbel.be\/informations\/info-express\/ie-1103-covid-19-update-mise-a-disposition-de-personnel\/\" target=\"_blank\" rel=\"noopener noreferrer\">IE 1103 &#8211; COVID 19 UPDATE &#8211; MISE A DISPOSITION DE PERSONNEL<\/a> &#8211; (04-11-2020) &#8211; <a href=\"https:\/\/femarbel.be\/wp-content\/uploads\/2020\/11\/1103-COVID-19-UPDATE\u2013TERBESCHIKKINGSTELLING-VAN-PERSONEEL.pdf\" target=\"_blank\" rel=\"noopener noreferrer\"><span style=\"color: #ff0000;\">Version NL<\/span><\/a><\/p>\n<p><a href=\"https:\/\/femarbel.be\/informations\/info-express\/ie-1102-covid-19-update-cp-330-directives-dans-le-cadre-de-la-2-eme-vague-de-lepidemie\/\" target=\"_blank\" rel=\"noopener noreferrer\">IE 1102 &#8211; COVID 19 UPDATE &#8211; CP 330 \u2013 DIRECTIVES DANS LE CADRE DE LA 2 EME VAGUE DE L\u2019EPIDEMIE<\/a> &#8211; (03-11-2020) &#8211; <a href=\"https:\/\/femarbel.be\/wp-content\/uploads\/2020\/11\/1102-COVID-19-UPDATE-DIRECTIVES-CP-330-NL.pdf\" target=\"_blank\" rel=\"noopener noreferrer\"><span style=\"color: #ff0000;\">Version NL<\/span><\/a><\/p>\n<p><a href=\"https:\/\/femarbel.be\/informations\/info-express\/ie-1101-covid-19-update-federal-nouvelles-mesures-sociales-dans-le-cadre-de-la-pandemie\/\" target=\"_blank\" rel=\"noopener noreferrer\">IE 1101- COVID 19 UPDATE &#8211; FEDERAL &#8211; NOUVELLES MESURES SOCIALES DANS LE CADRE DE LA PANDEMIE<\/a> &#8211; (30-10-2020) &#8211; <a href=\"https:\/\/femarbel.be\/wp-content\/uploads\/2020\/11\/1101-COVID-19-UPDATE\u2013FEDERAAL\u2013NIEUWE-SOCIALE-MAATREGELEN-IN-HET-KADER-VAN-DE-PANDEMIE-NL.pdf\" target=\"_blank\" rel=\"noopener noreferrer\"><span style=\"color: #ff0000;\">Version NL<\/span><\/a><\/p>\n<p><a href=\"https:\/\/femarbel.be\/informations\/info-express\/ie-1100-covid-19-update-strategie-de-testing\/\" target=\"_blank\" rel=\"noopener noreferrer\">IE 1100 &#8211; COVID 19 UPDATE &#8211; STRATEGIE DE TESTING<\/a> &#8211; (29-10-2020) &#8211; <a href=\"https:\/\/femarbel.be\/wp-content\/uploads\/2020\/11\/1100-COVID-19-UPDATE-TESTING-NL.pdf\" target=\"_blank\" rel=\"noopener noreferrer\"><span style=\"color: #ff0000;\">Version NL<\/span><\/a><\/p>\n<p><a href=\"https:\/\/femarbel.be\/informations\/info-express\/ie-1099-bruxelles-iriscare-ajustement-budget-2020-budget-2021-reaction-des-federations\/\" target=\"_blank\" rel=\"noopener noreferrer\">IE 1099 &#8211; BRUXELLES &#8211; IRISCARE &#8211; AJUSTEMENT BUDGET 2020 &#8211; BUDGET 2021 &#8211; REACTION DES FEDERATIONS<\/a> &#8211; (29-10-2020) &#8211; <a href=\"https:\/\/femarbel.be\/wp-content\/uploads\/2020\/11\/IE-1099-BRUSSEL-IRISCARE-\u2013-AANPASSING-BUDGET-2020-BUDGET-2021-REACTIE-VAN-DE-FEDERATIES.pdf\" target=\"_blank\" rel=\"noopener noreferrer\"><span style=\"color: #ff0000;\">Version NL<\/span><\/a><\/p>\n<p><a href=\"https:\/\/femarbel.be\/informations\/info-express\/ie-1098-covid-19-update-region-wallonne-kappa-testing-visites-stock\/\" target=\"_blank\" rel=\"noopener noreferrer\">IE 1098 &#8211; COVID 19 UPDATE &#8211; REGION WALLONNE &#8211; KAPPA &#8211; TESTING &#8211; VISITES &#8211; STOCK<\/a> (28-10-2020)<\/p>\n<p><a href=\"https:\/\/femarbel.be\/informations\/info-express\/1097-covid-update-communique-de-presse-la-wallonie-soutient-ses-maisons-de-repos\/\" target=\"_blank\" rel=\"noopener noreferrer\">IE 1097 &#8211; COVID UPDATE &#8211; <span style=\"color: #3366ff;\">COMMUNIQUE DE PRESSE<\/span> &#8211; LA WALLONIE SOUTIENT SES MAISONS DE REPOS <\/a>(21-10-2020) &#8211; <a href=\"https:\/\/femarbel.be\/wp-content\/uploads\/2020\/10\/2020-10-21-la-Wallonie-soutient-ses-maisons-de-repos-Communiqu\u00e9-de-presse-CR.pdf\" target=\"_blank\" rel=\"noopener noreferrer\">Version PDF du Communiqu\u00e9<\/a><\/p>\n<p><a href=\"https:\/\/femarbel.be\/informations\/info-express\/ie-1096-covid-update-iriscare-stade-2-rw-visites\/\" target=\"_blank\" rel=\"noopener noreferrer\">IE 1096 COVID UPDATE &#8211; IRISCARE STADE 2 &#8211; RW VISITES<\/a> (20-10-2020) &#8211; <a href=\"https:\/\/femarbel.be\/wp-content\/uploads\/2020\/10\/1096-covid-19-update-iriscare-stade-2-rw-visites-nld.pdf\" target=\"_blank\" rel=\"noopener noreferrer\"><span style=\"color: #ff0000;\">Version NL<\/span><\/a><\/p>\n<p><a href=\"https:\/\/femarbel.be\/informations\/info-express\/ie-1095-covid-update-controles-kappa-prolongation-vacances-toussaint\/\" target=\"_blank\" rel=\"noopener noreferrer\">IE 1095 COVID UPDATE &#8211; CONTROLES KAPPA &#8211; PROLONGATION VACANCES TOUSSAINT<\/a> (16-10-2020) &#8211; <a href=\"https:\/\/femarbel.be\/wp-content\/uploads\/2020\/10\/1095-covid-19-update-_-controles-kappa-_-prolongation-vacances-toussaint-nl.pdf\" target=\"_blank\" rel=\"noopener noreferrer\"><span style=\"color: #ff0000;\">Version NL<\/span><\/a><\/p>\n<p><a href=\"https:\/\/femarbel.be\/informations\/info-express\/ie-1094-covid-update-communique-de-presse-absenteisme-croissant\/\" target=\"_blank\" rel=\"noopener noreferrer\">IE 1094 COVID UPDATE &#8211; <span style=\"color: #3366ff;\">COMMUNIQUE DE PRESSE<\/span> &#8211; ABSENTEISME CROISSANT<\/a> (14-10-2020) &#8211; <a href=\"https:\/\/femarbel.be\/wp-content\/uploads\/2020\/10\/1094-covid-19-update-communiqu\u00e9-de-presse-absent\u00e9isme-croissant.pdf\" target=\"_blank\" rel=\"noopener noreferrer\"><span style=\"color: #ff0000;\">Version NL<\/span><\/a><\/p>\n<p><a href=\"https:\/\/femarbel.be\/informations\/info-express\/ie-1093-covid-update-conference-de-presse-de-la-cellule-de-crise-federale-de-ce-jour\/\" target=\"_blank\" rel=\"noopener noreferrer\">IE 1093 COVID UPDATE &#8211; CONFERENCE DE PRESSE DE LA CELLULE DE CRISE FEDERALE DE CE JOUR<\/a> (09-10-2020) &#8211; <a href=\"https:\/\/femarbel.be\/wp-content\/uploads\/2020\/10\/1093_covid-19-update-conference-de-presse-de-la-cellule-de-crise-federale-de-ce-jour-nl.docx-1.pdf\" target=\"_blank\" rel=\"noopener noreferrer\"><span style=\"color: #ff0000;\">Version NL<\/span><\/a><\/p>\n<p><a href=\"https:\/\/femarbel.be\/informations\/info-express\/ie-1092-covid-update-acceleration-de-lepidemie-appel-a-une-vigilance-accrue\/\" target=\"_blank\" rel=\"noopener noreferrer\">IE 1092 COVID UPDATE &#8211; ACCELERATION DE L&#8217;EPIDEMIE APPEL A UNE VIGILANCE ACCRUE<\/a> (09-10-2020) &#8211; <a href=\"https:\/\/femarbel.be\/wp-content\/uploads\/2020\/10\/1092_covid-19-update-acceleration-de-l_epidemie-appel-a-une-vigilance-accrue-nl.pdf\" target=\"_blank\" rel=\"noopener noreferrer\"><span style=\"color: #ff0000;\">Version NL<\/span><\/a><\/p>\n<p><a href=\"https:\/\/femarbel.be\/informations\/info-express\/ie-1091-covid-update-emission-de-rtl-tvi-intitulee-homes-5000-morts-sur-ordonnance\/\" target=\"_blank\" rel=\"noopener noreferrer\">IE 1091 COVID UPDATE &#8211; EMISSION DE RTL-TVI INTITULEE \u00ab\u00a0HOMES : 5000 MORTS SUR ORDONNANCE<\/a> (08-10-2020) &#8211; <span style=\"color: #ff0000;\"><a style=\"color: #ff0000;\" href=\"https:\/\/femarbel.be\/wp-content\/uploads\/2020\/10\/1091_covid-19-update-emission-de-rtl-tvi-5000-morts-sur-ordonnance-nl.pdf\" target=\"_blank\" rel=\"noopener noreferrer\">Version NL<\/a><\/span><\/p>\n<p><a href=\"https:\/\/femarbel.be\/informations\/info-express\/ie-1090-covid-update-nouveau-conge-parental-corona-a-partir-du-1er-octobre\/\" target=\"_blank\" rel=\"noopener noreferrer\">IE 1090 COVID UPDATE NOUVEAU CONGE PARENTAL \u00ab\u00a0CORONA\u00a0\u00bb A PARTIR DU 1er OCTOBRE<\/a> (06-10-2020) &#8211; <a href=\"https:\/\/femarbel.be\/wp-content\/uploads\/2020\/10\/1090_covid-19-update-_-nouveau-cong\u00e9-parental-nl.pdf\" target=\"_blank\" rel=\"noopener noreferrer\"><span style=\"color: #ff0000;\">Version NL<\/span><\/a><\/p>\n<p><a href=\"https:\/\/femarbel.be\/informations\/info-express\/ie-1089-covid-19-update-wallonie-prolongation-circulaire-28-8-piu-tests-covid\/\" target=\"_blank\" rel=\"noopener noreferrer\">IE 1089 COVID 19 UPDATE WALLONIE &#8211; PROLONGATION CIRCULAIRE 28\/8 &#8211; PIU &#8211; TESTS COVID<\/a> (29-09-2020)<\/p>\n<p><a href=\"https:\/\/femarbel.be\/informations\/info-express\/ie-1088-covid-19-update-iriscare-mesure-de-compensation-perte-dhebergement\/\" target=\"_blank\" rel=\"noopener noreferrer\">IE 1088 COVID 19 UPDATE IRISCARE &#8211; MESURE DE COMPENSATION PERTE D&#8217;HEBERGEMENT<\/a> (25-09-2020) &#8211; <a href=\"https:\/\/femarbel.be\/wp-content\/uploads\/2020\/10\/1088_covid-19-iriscare-mesure-compensation-perte-d_hebergement-fr-nl-tf-c.pdf\" target=\"_blank\" rel=\"noopener noreferrer\"><span style=\"color: #ff0000;\">Version NL<\/span><\/a><\/p>\n<p><a href=\"https:\/\/femarbel.be\/informations\/info-express\/ie-1087-covid-19-wallonie-mail-gouverneur-brabant-wallon\/\" target=\"_blank\" rel=\"noopener noreferrer\">IE 1087- COVID 19 &#8211; WALLONIE &#8211; MAIL GOUVERNEUR BRABANT-WALLON<\/a>(15-09-2020)<\/p>\n<p><a href=\"https:\/\/femarbel.be\/informations\/info-express\/ie-1086-covid-19-update-iriscare\/\" target=\"_blank\" rel=\"noopener noreferrer\">IE 1086 COVID-19 UPDATE IRISCARE &#8211; KAPPA &#8211; MATERIEL -TESTS<\/a>\u00a0 (10-09-2020)<\/p>\n<p><a href=\"https:\/\/femarbel.be\/informations\/info-express\/ie-1085-covid19-update-rw-prix-piu\/\" target=\"_blank\" rel=\"noopener noreferrer\">IE 1085 &#8211; COVID-19 UPDATE RW &#8211; PRIX &amp; PIU <\/a>(09-09-2020)<\/p>\n<p><a href=\"https:\/\/femarbel.be\/informations\/info-express\/ie-1084-covid-19-update-visites-dans-les-mr-mrs\/\" target=\"_blank\" rel=\"noopener noreferrer\">IE 1084 &#8211; COVID-19 UPDATE &#8211; VISITES DANS LES MR-MRS <\/a>(04-09-2020)<\/p>\n<p><a href=\"https:\/\/femarbel.be\/informations\/info-express\/1083-covid-19-update-wallonie-circulaires-visites-circulaire-testing-preventif\/\" target=\"_blank\" rel=\"noopener noreferrer\">IE 1083 &#8211; COVID-19 UPDATE \u2013 WALLONIE \u2013 CIRCULAIRES VISITES \u2013 CIRCULAIRE TESTING PREVENTIF<\/a> (28-08-2020)<\/p>\n<p><a href=\"https:\/\/femarbel.be\/informations\/info-express\/ie-1082-covid-19-update-iriscare-circulaire-adaptation-des-consignes-aux-mr-mrs\/\" target=\"_blank\" rel=\"noopener noreferrer\">IE 1082 \u2013 COVID-19 UPDATE \u2013 IRISCARE &#8211; CIRCULAIRE \u2013 ADAPTATION DES CONSIGNES AUX MR-MRS<\/a>\u00a0(27-08-2020)<\/p>\n<p><a href=\"https:\/\/femarbel.be\/informations\/info-express\/ie-1081-covid-19-update-wallonie\/\" target=\"_blank\" rel=\"noopener noreferrer\">IE 1081 \u2013 COVID-19 UPDATE \u2013 WALLONIE<\/a> (21-08-2020)<\/p>\n<p><a href=\"https:\/\/femarbel.be\/informations\/info-express\/ie-1080-etude-reforme-ific\/\" target=\"_blank\" rel=\"noopener noreferrer\">IE 1080 \u2013 IRISCARE \u2013 \u00c9TUDE R\u00c9FORME IFIC<\/a> (21-08-2020)<\/p>\n<p><a href=\"https:\/\/femarbel.be\/informations\/info-express\/ie-1079-covid-19-iriscare-bruxelles-en-phase-2-passage-au-stade-alarme\/\" target=\"_blank\" rel=\"noopener noreferrer\">IE 1079 &#8211; COVID-19 UPDATE \u2013 IRISCARE \u2013 BXL EN PHASE 2- PASSAGE AU STADE ALARME <\/a>(14-08-2020)<\/p>\n<p><a href=\"https:\/\/femarbel.be\/informations\/info-express\/ie-1078-covid-19-update-rw-prolongation-mesures-dimmunisations-neutralisation-impact-forfait-2022\/\" target=\"_blank\" rel=\"noopener noreferrer\">IE 1078 \u2013 COVID-19 UPDATE \u2013 RW\u2013\u00a0 PROLONGATION MESURES D\u2019IMMUNISATIONS NEUTRALISATION IMPACT FORFAIT 2022<\/a> (06-08-2020)<\/p>\n<p><a href=\"https:\/\/femarbel.be\/informations\/info-express\/ie-1077-prime-annuelle-titre-et-qualification-professionnelle-particuliere\/\">IE 1077 \u2013 PRIME ANNUELLE TITRE ET QUALIFICATION PROFESSIONNELLE PARTICULI\u00c8RE<\/a> (06-08-2020)<\/p>\n<p><a href=\"https:\/\/femarbel.be\/informations\/info-express\/ie-1076-covid-19-update-bruxelles-testing-vaccination-grippe\/\" target=\"_blank\" rel=\"noopener noreferrer\">IE 1076 \u2013 COVID-19 UPDATE &#8211; BRUXELLES &#8211; TESTING &amp; VACCINATION GRIPPE<\/a> (04-08-2020)<\/p>\n<p><a href=\"https:\/\/femarbel.be\/informations\/info-express\/ie-1075-covid-19-update-important-urgent-bruxelles-wallonie-etat-des-stocks-materiel-de-protection\/\" target=\"_blank\" rel=\"noopener noreferrer\">I<\/a><a href=\"https:\/\/femarbel.be\/informations\/info-express\/ie-1075-covid-19-update-important-urgent-bruxelles-wallonie-etat-des-stocks-materiel-de-protection\/\" target=\"_blank\" rel=\"noopener noreferrer\">E 1075 \u2013 COVID-19 UPDATE &#8211; IMPORTANT URGENT BRUXELLES WALLONIE &#8211; ETAT DES STOCKS MATERIEL DE PROTECTION\u00a0<\/a>(31-07-2020)<\/p>\n<p><a href=\"https:\/\/femarbel.be\/informations\/info-express\/ie-1074-covid-19-update-iriscare-circulaire-visite-testing-bxl-wallonie\/\" target=\"_blank\" rel=\"noopener noreferrer\">IE 1074 \u2013 COVID-19 UPDATE &#8211; IRISCARE CIRCULAIRE VISITE \u2013 TESTING BXL -WALLONIE<\/a> (31-07-2020)<\/p>\n<p><a href=\"https:\/\/femarbel.be\/informations\/info-express\/ie-1073-covid-19-iriscare-circulaire-deuxieme-vague-mise-a-jour\/\" target=\"_blank\" rel=\"noopener noreferrer\">IE 1073 \u2013 COVID-19 &#8211; IRISCARE CIRCULAIRE 2E VAGUE PLAN D&#8217;ACTION\u00a0 MAJ<\/a> (30-07-2020)<\/p>\n<p><a href=\"https:\/\/femarbel.be\/informations\/info-express\/ie-1072-covid-19-iriscare-circulaire-deuxieme-vague-plan-daction\/\" target=\"_blank\" rel=\"noopener noreferrer\">IE 1072 \u2013 COVID-19 &#8211; IRISCARE CIRCULAIRE 2E VAGUE PLAN D&#8217;ACTION<\/a> (30-07-2020)<\/p>\n<p><a href=\"https:\/\/femarbel.be\/informations\/info-express\/ie-1071-covid-19-update-bruxelles-wallonie\/\" target=\"_blank\" rel=\"noopener noreferrer\">IE 1071 \u2013 COVID-19 UPDATE BRUXELLES WALLONIE<\/a> \u00a0(28-07-2020)<\/p>\n<p><a href=\"https:\/\/femarbel.be\/informations\/info-express\/ie-1070-covid-19-iriscare-circulaire-deuxieme-vague\/\" target=\"_blank\" rel=\"noopener noreferrer\">IE 1070 \u2013 COVID-19 UPDATE &#8211; IRISCARE &#8211; CIRCULAIRE DEUXIEME VAGUE<\/a> (09-07-2020)<\/p>\n<p><a href=\"https:\/\/femarbel.be\/informations\/info-express\/ie-1069-covid-19-update-wallonie-neutralisation-impact-forfait-2021\/\" target=\"_blank\" rel=\"noopener noreferrer\">IE 1069 \u2013 COVID-19 UPDATE &#8211; WALLONIE \u2013 NEUTRALISATION IMPACT FORFAIT 2021<\/a> (02-07-2020)<\/p>\n<p><a href=\"https:\/\/femarbel.be\/informations\/info-express\/ie-1068-covid-19-update-iriscare-wallonie-neutralisation-impact-forfait-2021-extension-des-visites\/\" target=\"_blank\" rel=\"noopener noreferrer\">IE 1068 \u2013 COVID-19 UPDATE &#8211; IRISCARE &#8211; WALLONIE \u2013 NEUTRALISATION IMPACT FORFAIT 2021 &#8211; EXTENSION DES VISITES<\/a> (01-07-2020)<\/p>\n<p><a href=\"https:\/\/femarbel.be\/informations\/info-express\/ie-1067-covid-19-update-covid-19-iriscare-circulaire-relative-aux-mesures-daide\/\" target=\"_blank\" rel=\"noopener noreferrer\">IE 1067 \u2013 COVID-19 UPDATE &#8211; IRISCARE CIRCULAIRE RELATIVE AUX MESURES D\u2019AIDE<\/a> (12-06-2020)<\/p>\n<p><a href=\"https:\/\/femarbel.be\/informations\/info-express\/ie-1066-covid-19-update-wallonie-bruxelles-evolution-des-negociations\/\" target=\"_blank\" rel=\"noopener noreferrer\">IE 1066 \u2013COVID-19 UPDATE WALLONIE &#8211; BRUXELLES \u00a0EVOLUTION DES NEGOCIATIONS<\/a> (10-06-2020)<\/p>\n<p><a href=\"https:\/\/femarbel.be\/informations\/info-express\/ie-1064-r-w-extension-visites-communication-presse-circulaire\/\" target=\"_blank\" rel=\"noopener noreferrer\">IE 1065 \u2013 R.W \u2013 EXTENSION VISITES \u2013 COMMUNICATION PRESSE \u2013 CIRCULAIRE<\/a>\u00a0(03-06-2020)<\/p>\n<p><a href=\"https:\/\/femarbel.be\/informations\/info-express\/ie-1064-iriscare-subside-facultatif-de-250-euros-par-lit-occupe-mrpa-mrs\/\" target=\"_blank\" rel=\"noopener noreferrer\">IE 1064 \u2013 IRISCARE \u2013 SUBSIDE FACULTATIF DE 250 EUROS PAR LIT OCCUPE \u2013 MRPA-MRS<\/a> (02-06-2020)<\/p>\n<p><a href=\"https:\/\/femarbel.be\/informations\/info-express\/ie-1063-covid-19-update-aviq-preparation-du-deconfinement\/\" target=\"_blank\" rel=\"noopener noreferrer\">IE 1063\u2013 COVID -19 UPDATE \u2013 AVIQ \u2013 PREPARATION DU DECONFINEMENT\u00a0<\/a>(20-05-2020)<\/p>\n<p><a href=\"https:\/\/femarbel.be\/informations\/info-express\/ie-1062-aviq-suspension-des-delais-de-rigueur-fin\/\" target=\"_blank\" rel=\"noopener noreferrer\">IE 1062 \u2013 AVIQ \u2013 SUSPENSION DES DELAIS DE RIGUEUR &#8211; FIN<\/a> (18-05-2020)<\/p>\n<p><a href=\"https:\/\/femarbel.be\/informations\/info-express\/ie-1061-covid-19-update-aviq-webinaire-visites-encadrees-paqs-reunions-virtuelles\/\" target=\"_blank\" rel=\"noopener noreferrer\">IE 1061 \u2013 COVID -19 UPDATE \u2013 AVIQ: WEBINAIRE &amp; PAQS: REUNIONS VIRTUELLES<\/a> (15-05-2020)<\/p>\n<p><a href=\"https:\/\/femarbel.be\/informations\/info-express\/ie-1060-covid-19-update-aviq-attestation-de-securite-incendie\/\" target=\"_blank\" rel=\"noopener noreferrer\">IE 1060 \u2013 COVID -19 UPDATE \u2013 AVIQ \u2013 ATTESTATION DE SECURITE INCENDIE <\/a>\u00a0(14-05-2020)<\/p>\n<p><a href=\"https:\/\/femarbel.be\/informations\/info-express\/ie-1059-covid-19-update-bruxelles-materiel-iriscare-deconfinement\/\" target=\"_blank\" rel=\"noopener noreferrer\">IE 1059 <strong>\u2013<\/strong> COVID -19 UPDATE <strong>\u2013<\/strong> BXL \u2013 LIVRAISON MATERIEL IRISCARE \u2013 DECONFINEMENT<\/a> (13-05-2020)<\/p>\n<p><a href=\"https:\/\/femarbel.be\/informations\/info-express\/ie-1058-sd-worx-dans-la-presse\/\" target=\"_blank\" rel=\"noopener noreferrer\">IE 1058 &#8211; SD WORX DANS LA PRESSE<\/a> (12-05-2020)<\/p>\n<p><a href=\"https:\/\/femarbel.be\/informations\/info-express\/ie-1057-covid-19-update-bxl-initiative-positive-wallonie-preparation-du-deconfinement\/\" target=\"_blank\" rel=\"noopener noreferrer\">IE 1057 &#8211; COVID-19 UPDATE &#8211; BXL : INITIATIVE POSITIVE \u2013 WALLONIE : PREPARATION DU DECONFINEMENT<\/a> (11-05-2020)<\/p>\n<p><a href=\"https:\/\/femarbel.be\/informations\/info-express\/ie-1056-covid-19-update-organisation-du-travail-dans-les-secteurs-critiques\/\" target=\"_blank\" rel=\"noopener noreferrer\">IE 1056 &#8211; COVID-19 UPDATE &#8211; ORGANISATION DU TRAVAIL DANS LES SECTEURS CRITIQUES<\/a> (11-05-2020)<\/p>\n<p><a href=\"https:\/\/femarbel.be\/informations\/info-express\/ie-1055-covid-19-update-bxl-questionnaire-lits-occupes-refacturation-du-materiel-livre\/\" target=\"_blank\" rel=\"noopener noreferrer\">IE 1055 &#8211; COVID-19 UPDATE &#8211; BXL \u2013 QUESTIONNAIRE LITS OCCUPES \u2013 REFACTURATION DU MATERIEL LIVRE <\/a>(08-05-2020)<\/p>\n<p><a href=\"https:\/\/femarbel.be\/informations\/info-express\/ie-1054-covid-19-update-wallonie-r-s-decisions-cns-impact-sur-les-visites\/\" target=\"_blank\" rel=\"noopener noreferrer\">IE 1054 &#8211; COVID-19 UPDATE &#8211; WALLONIE \u2013 R.S \u2013 DECISIONS CNS \u2013 IMPACT SUR LES VISITES<\/a> (08-05-2020)<\/p>\n<p><a href=\"https:\/\/femarbel.be\/informations\/info-express\/ie-1053-cp-330-a-s-actes-delegues-supplementaires-exigence-de-150h-de-formation\/\" target=\"_blank\" rel=\"noopener noreferrer\">IE 1053 &#8211; CP 330 \u2013 A.S \u2013 ACTES DELEGUES SUPPLEMENTAIRES \u2013 EXIGENCE DE 150H DE FORMATION<\/a>\u00a0 \u00a0 \u00a0 \u00a0(04-05-2020)<\/p>\n<p><a href=\"https:\/\/femarbel.be\/informations\/info-express\/ie-1052-covid-19-update-volontaires-evolution-testing\/\" target=\"_blank\" rel=\"noopener noreferrer\">IE 1052 &#8211; COVID-19 UPDATE &#8211; VOLONTAIRES &#8211; EVOLUTION TESTING<\/a> \u00a0(04-05-2020)<\/p>\n<p><a href=\"https:\/\/femarbel.be\/informations\/info-express\/ie-1051-covid-19-update-region-wallonne-extension-des-visites\/\" target=\"_blank\" rel=\"noopener noreferrer\">IE 1051 &#8211; COVID-19 UPDATE &#8211; REGION WALONNE<\/a> (28-04-2020)<\/p>\n<p><a href=\"https:\/\/femarbel.be\/informations\/info-express\/ie-1050-covid-19-update-bruxelles\/\" target=\"_blank\" rel=\"noopener noreferrer\">IE 1050 &#8211; COVID-19 UPDATE &#8211; BRUXELLES <\/a>(28-04-2020)<\/p>\n<p><a href=\"https:\/\/femarbel.be\/informations\/info-express\/1049_covid-19-update-trajets-uber\/\" target=\"_blank\" rel=\"noopener noreferrer\">IE 1049 &#8211; COVID-19 UPDATE -TRAJETS UBER<\/a> (27-04-2020)<\/p>\n<p><a href=\"https:\/\/femarbel.be\/informations\/info-express\/ie-1048-covid-19-update-masques-extension-des-visites\/\" target=\"_blank\" rel=\"noopener noreferrer\">IE 1048 &#8211; COVID-19 UPDATE &#8211; MASQUES &#8211; EXTENSION DES VISITES<\/a> (23-04-2020)<\/p>\n<p><a href=\"https:\/\/femarbel.be\/informations\/info-express\/ie-1047-covid-19-update-bruxelles-controles-kappa-visites\/\" target=\"_blank\" rel=\"noopener noreferrer\">IE 1047 &#8211; COVID-19 UPDATE &#8211; BRUXELLES CONTR\u00d4LES KAPPA &#8211; VISITES<\/a> (22-04-2020)<\/p>\n<p><a href=\"https:\/\/femarbel.be\/informations\/info-express\/ie-1046-covid-19-update-wallonie-mesures-de-compensation-circulaire\/\" target=\"_blank\" rel=\"noopener noreferrer\">IE 1046 &#8211; COVID-19 UPDATE &#8211; WALLONIE &#8211; MESURES DE COMPENSATION &#8211; CIRCULAIRE<\/a> (22-04-2020)<\/p>\n<p><a href=\"https:\/\/femarbel.be\/informations\/info-express\/ie-1045-covid-19-update-solutions-imaginatives-pour-les-visites\/\" target=\"_blank\" rel=\"noopener noreferrer\">IE 1045 &#8211; COVID-19 UPDATE &#8211; SOLUTIONS IMAGINATIVES POUR LES VISITES<\/a> (21-04-2020)<\/p>\n<p><a href=\"https:\/\/femarbel.be\/informations\/info-express\/ie-1044-covid-19-update-aviq-circulaire-mesures-dimmunisation-de-la-periode-de-crise\/\" target=\"_blank\" rel=\"noopener noreferrer\">IE 1044 &#8211; COVID-19 UPDATE &#8211; AVIQ &#8211; CIRCULAIRE &#8211; MESURES D&#8217;IMMUNISATION DE LA PERIODE DE CRISE\u00a0<\/a> (21-04-2020)<\/p>\n<p><a href=\"https:\/\/femarbel.be\/informations\/info-express\/ie-1043-covid-19-update-extension-des-visites-echelles-de-katz\/\" target=\"_blank\" rel=\"noopener noreferrer\">IE 1043 &#8211; COVID-19 UPDATE &#8211; EXTENSION DES VISITES &#8211; ECHELLES DE KATZ <\/a>\u00a0(20-04-2020)<\/p>\n<p><a href=\"https:\/\/femarbel.be\/informations\/info-express\/ie-1042-covid-19-update-wallonie-visites-rappel-important\/\" target=\"_blank\" rel=\"noopener noreferrer\">IE 1042 &#8211; COVID-19 UPDATE &#8211; WALLONIE VISITES RAPPEL IMPORTANT<\/a> (17-04-2020)<\/p>\n<p><a href=\"https:\/\/femarbel.be\/informations\/info-express\/ie-1041-covid-19-update-gestion-dechets-patient-covid\/\" target=\"_blank\" rel=\"noopener noreferrer\">IE 1041 &#8211; COVID-19 UPDATE &#8211; GESTION DECHETS PATIENT COVID<\/a> (17-04-2020)<\/p>\n<p><a href=\"https:\/\/femarbel.be\/informations\/info-express\/ie-1040-bruxelles-reconversion-mrs\/\" target=\"_blank\" rel=\"noopener noreferrer\">IE 1040 &#8211; BRUXELLES \u2013 RECONVERSION MRS<\/a> (17-04-2020)<\/p>\n<p><a href=\"https:\/\/femarbel.be\/informations\/info-express\/ie-1039-covid-19-update-c-n-s-visites-en-maisons-de-repos-urgent\/\">IE 1039 &#8211; COVID-19 UPDATE &#8211; C.N.S. VISITES EN MAISONS DE REPOS &#8211; INSTRUCTION<\/a> (16-04-2020)<\/p>\n<p><a href=\"https:\/\/femarbel.be\/informations\/info-express\/ie-1038-covid-19-update-c-n-s-visites-en-maisons-de-repos\/\" target=\"_blank\" rel=\"noopener noreferrer\">IE 1038 &#8211; COVID-19 UPDATE &#8211; C.N.S. VISITES EN MAISONS DE REPOS<\/a> (15-04-2020)<\/p>\n<p><a href=\"https:\/\/femarbel.be\/informations\/info-express\/ie-1037-covid-19-update-bruxelles-wallonie-testing-phase-2\/\" target=\"_blank\" rel=\"noopener noreferrer\">IE 1037 &#8211; COVID-19 UPDATE &#8211; TESTING PHASE 2<\/a>\u00a0(15-04-2020)<\/p>\n<p><a href=\"https:\/\/femarbel.be\/informations\/info-express\/ie-1036-covid-19-update-retour-testings\/\" target=\"_blank\" rel=\"noopener noreferrer\">IE 1036 &#8211; COVID-19 UPDATE -RETOUR TESTINGS<\/a> (15-04-2020)<\/p>\n<p><a href=\"https:\/\/femarbel.be\/informations\/info-express\/ie-1035-covid-19-update\/\" target=\"_blank\" rel=\"noopener noreferrer\">IE 1035 &#8211; COVID-19 UPDATE<\/a> (12-04-2020)<\/p>\n<p><a href=\"https:\/\/femarbel.be\/informations\/info-express\/ie-1034-covid-19-update\/\" target=\"_blank\" rel=\"noopener noreferrer\">IE 1034 &#8211; COVID-19 UPDATE<\/a> (11-04-2020)<\/p>\n<p><a href=\"https:\/\/femarbel.be\/informations\/info-express\/ie-1032-covid-19-update\/\" target=\"_blank\" rel=\"noopener noreferrer\">IE 1033 &#8211; COVID-19 UPDATE &#8211; INTERVENTIONS DANS LA PRESSE<\/a> (10-04-2020)<\/p>\n<p><a href=\"https:\/\/femarbel.be\/informations\/info-express\/ie-1033-covid-19-update\/\" target=\"_blank\" rel=\"noopener noreferrer\">IE 1032 &#8211; COVID-19 UPDATE<\/a> (10-04-2020)<\/p>\n<p><a href=\"https:\/\/femarbel.be\/informations\/info-express\/ie-1031-aviq-mesures-dassouplissement-des-procedures-o-a-w\/\" target=\"_blank\" rel=\"noopener noreferrer\">IE 1031 &#8211; AVIQ &#8211; MESURES D&#8217;ASSOUPISSEMENT DES PROC\u00c9DURES &#8211; A.O.W<\/a> ( 10-04-2020)<\/p>\n<p><a href=\"https:\/\/femarbel.be\/informations\/info-express\/ie-1030-covid-19-update-visieres-de-protection-aviq-mise-a-jour-des-faqs\/\">IE 1030 &#8211; COVID-19 UPDATE<\/a> (08-04-2020)<\/p>\n<p><a href=\"https:\/\/femarbel.be\/informations\/info-express\/ie-1029-covid-19-update\/\" target=\"_blank\" rel=\"noopener noreferrer\">IE 1029 &#8211; COVID-19 UPDATE<\/a> (07-04-2020)<\/p>\n<p><a href=\"https:\/\/femarbel.be\/informations\/info-express\/ie-1028-covid-19-update-bruxelles\/\" target=\"_blank\" rel=\"noopener noreferrer\">IE 1028 &#8211; COVID-19 UPDATE &#8211; BRUXELLES<\/a> (07-04-2020)<\/p>\n<p><a href=\"https:\/\/femarbel.be\/informations\/info-express\/ie-1027-covid-19-update\/\" target=\"_blank\" rel=\"noopener noreferrer\">IE 1027 &#8211; COVID-19 UPDATE<\/a>\u00a0(03-04-2020)<\/p>\n<p><a href=\"https:\/\/femarbel.be\/informations\/info-express\/ie-1026-covid-19\/\" target=\"_blank\" rel=\"noopener noreferrer\">IE 1026 &#8211; COVID-19 UPDATE<\/a>\u00a0(03-04-2020)<\/p>\n<p><a href=\"https:\/\/femarbel.be\/informations\/info-express\/ie-1025-aviq-versement-des-250-e-trimestriels-par-lit\/\" target=\"_blank\" rel=\"noopener noreferrer\">IE 1025- AVIQ &#8211; VERSEMENT DES 250\u20ac TRIMESTRIELS PAR LIT <\/a>\u00a0(02-04-2020)<\/p>\n<p><a href=\"https:\/\/femarbel.be\/informations\/info-express\/ie-1024-facturation-trimestrielle-covid-19-update\/\" target=\"_blank\" rel=\"noopener noreferrer\">IE 1024 &#8211; FACTURATION TRIMESTRIELLE &#8211; COVID-19 UPDATE<\/a> (31-03-2020)<\/p>\n<p><a href=\"https:\/\/femarbel.be\/informations\/info-express\/ie-1023-covid-19\/\" target=\"_blank\" rel=\"noopener noreferrer\">IE 1023 &#8211; COVID-19 \u2013 MISE A DISPOSITION DE TRAVAILLEURS<\/a> (30-03-2020)<\/p>\n<p><a href=\"https:\/\/femarbel.be\/informations\/info-express\/ie-1022-covid-19-update\/\" target=\"_blank\" rel=\"noopener noreferrer\">IE 1022- COVID-19 UPDATE<\/a> (29-03-2020)<\/p>\n<p><a href=\"https:\/\/femarbel.be\/informations\/info-express\/1021-prise-de-temperature-de-personnel-inspection-du-travail-hainaut-covid-19-update\/\" target=\"_blank\" rel=\"noopener noreferrer\">IE 1021- PRISE DE TEMPERATURE DE PERSONNEL &#8211; CORONA VIRUS UPDATE<\/a> (27-03-2020)<\/p>\n<p><a href=\"https:\/\/femarbel.be\/informations\/info-express\/ie-1020-forfaits-indexes-facturation-trimestrielle-covid-19-update\/\" target=\"_blank\" rel=\"noopener noreferrer\">IE 1020 &#8211;\u00a0 FORFAITS INDEXES \u2013 FACTURATION TRIMESTRIELLE \u2013 COVID-19 UPDATE<\/a> (27-03-2020)<\/p>\n<p><a href=\"https:\/\/femarbel.be\/informations\/info-express\/ie-1019-covid-19-update-2\/\" target=\"_blank\" rel=\"noopener noreferrer\">IE 1019 &#8211; CORONA VIRUS UPDATE<\/a>\u00a0(25-03-2020)<\/p>\n<p><a href=\"https:\/\/femarbel.be\/informations\/info-express\/ie-1018-corona-virus-update\/\" target=\"_blank\" rel=\"noopener noreferrer\">IE 1018 &#8211; CORONA VIRUS UPDATE<\/a> (25-03-2020)<\/p>\n<p><a href=\"https:\/\/femarbel.be\/informations\/info-express\/ie-1017-covid-19-update\/\" target=\"_blank\" rel=\"noopener noreferrer\">IE 1017 &#8211; COVID-19 UPDATE<\/a> (24-03-2020)<\/p>\n<p><a href=\"https:\/\/femarbel.be\/informations\/info-express\/ie-1016-covid-19-update\/\" target=\"_blank\" rel=\"noopener noreferrer\">IE 1016 &#8211; COVID-19 UPDATE <\/a>(24-03-2020)<\/p>\n<p><a href=\"https:\/\/femarbel.be\/informations\/info-express\/ie-1015\/\" target=\"_blank\" rel=\"noopener noreferrer\">IE 1015 &#8211; CORONA VIRUS \u2013 Point de situation \u2013 AVIQ <\/a> (24-03-2020)<\/p>\n<p><a href=\"https:\/\/femarbel.be\/informations\/info-express\/ie-10014-covid-19-update\/\" target=\"_blank\" rel=\"noopener noreferrer\">IE 1014 &#8211; COVID-19 UPDATE<\/a> (23-03-2020)<\/p>\n<p><a href=\"https:\/\/femarbel.be\/informations\/info-express\/ie-1013-covid-19-update\/\" target=\"_blank\" rel=\"noopener noreferrer\">IE 1013 &#8211; COVID-19 UPDATE<\/a> (23-03-2020)<\/p>\n<p><a href=\"https:\/\/femarbel.be\/informations\/info-express\/ie-112-aviq-suspension-des-delais-de-rigueur\/\" target=\"_blank\" rel=\"noopener noreferrer\">IE 1012 &#8211; AVIQ &#8211; SUSPENSION DES DELAIS DE RIGUEUR<\/a> (23-03-2020)<\/p>\n<p><a href=\"https:\/\/femarbel.be\/informations\/info-express\/ie-1011-covid-19-update-rw\/\" target=\"_blank\" rel=\"noopener noreferrer\">IE 1011 &#8211; COVID-19 UPDATE RW <\/a>(23-03-2020)<\/p>\n<p><a href=\"https:\/\/femarbel.be\/informations\/info-express\/ie-1010-covid-19\/\" target=\"_blank\" rel=\"noopener noreferrer\">IE 1010 &#8211; COVID-19 UPDATE<\/a> (22-03-2020)<\/p>\n<p><a href=\"https:\/\/femarbel.be\/informations\/info-express\/ie-1019-covid-19-update\/\" target=\"_blank\" rel=\"noopener noreferrer\">IE 1009 &#8211; COVID-19 UPDATE<\/a> (22-03-2020)<\/p>\n<p><a href=\"https:\/\/femarbel.be\/ie-1008-covid-19-update\/\" target=\"_blank\" rel=\"noopener noreferrer\">IE 1008 &#8211; COVID-19 UPDATE<\/a> (21-03-2020)<\/p>\n<p><a href=\"https:\/\/femarbel.be\/informations\/info-express\/ie-1007-covid-19-update\/\" target=\"_blank\" rel=\"noopener noreferrer\">IE 1007 &#8211; COVID-19 UPDATE<\/a> (21-03-2020)<\/p>\n<p><a href=\"https:\/\/femarbel.be\/informations\/info-express\/ie-1006-materiel-absenteisme\/\" target=\"_blank\" rel=\"noopener noreferrer\">IE 1006 &#8211; Mat\u00e9riel \u2013 Absent\u00e9isme<\/a>\u00a0(20-03-2020)<\/p>\n<p><a href=\"https:\/\/femarbel.be\/informations\/info-express\/ie-1005-materiel-masques\/\" target=\"_blank\" rel=\"noopener noreferrer\">IE 1005 &#8211; Mat\u00e9riels &#8211; MASQUES<\/a>\u00a0(20-03-2020)<\/p>\n<p><a href=\"https:\/\/femarbel.be\/informations\/info-express\/ie-1004-corona-virus-point-de-situation\/\" target=\"_blank\" rel=\"noopener noreferrer\">IE 1004 &#8211; CORONA VIRUS &#8211; Point de situation <\/a> (19-03-2020)<\/p>\n<p><a href=\"https:\/\/femarbel.be\/informations\/info-express\/ie-1003-corona-virus-point-de-situation-iriscare\/\" target=\"_blank\" rel=\"noopener noreferrer\">IE 1003 &#8211; CORONA VIRUS &#8211; Point de situation &#8211; IRISCARE<\/a> (18-03-2020)<\/p>\n<p><a href=\"https:\/\/femarbel.be\/informations\/info-express\/ie-1002-covid-19-etat-de-situation\/\" target=\"_blank\" rel=\"noopener noreferrer\">IE 1002 &#8211; COVID 19 \u2013 Etat de situation<\/a> (18-03-2020)<\/p>\n<p><a href=\"https:\/\/femarbel.be\/informations\/info-express\/ie-1001-corona-virus-point-de-situation-suite\/\" target=\"_blank\" rel=\"noopener noreferrer\">IE 1001 &#8211; CORONA VIRUS : point provisoire de situation suite<\/a> \u00a0(17-03-2020)<\/p>\n<p><a href=\"https:\/\/femarbel.be\/informations\/info-express\/ie-1000-corona-virus-point-provisoire-de-situation\/\" target=\"_blank\" rel=\"noopener noreferrer\">IE 1000 &#8211; CORONA VIRUS : point provisoire de situation<\/a> (16-03-2020)<\/p>\n<p><a href=\"https:\/\/femarbel.be\/informations\/info-express\/ie-999-covid-19-hygiene-des-mains\/\" target=\"_blank\" rel=\"noopener noreferrer\">IE 999\u00a0 &#8211; Covid 19 \u2013 HYGIENE DES MAINS<\/a> (13-03-2020)<\/p>\n<p><a href=\"https:\/\/femarbel.be\/informations\/info-express\/ie-998-covid-19-bruxelles-iriscare-arrete-circulaires\/\" target=\"_blank\" rel=\"noopener noreferrer\">IE 998 &#8211; Covid 19 &#8211; BRUXELLES \u2013 IRISCARE \u2013 ARRETE \u2013 CIRCULAIRES<\/a> (11-03-2020)<\/p>\n<p><a href=\"https:\/\/femarbel.be\/wp-content\/uploads\/2020\/03\/997_CORONA-VIRUS-\u2013-WALLONIE-\u2013-BRUXELLES-CAPITALE.pdf\" target=\"_blank\" rel=\"noopener noreferrer\">IE 997 &#8211; CORONA VIRUS \u2013 WALLONIE \u2013 BRUXELLES CAPITALE<\/a> (11-03-2020)<\/p>\n<p><a href=\"https:\/\/femarbel.be\/wp-content\/uploads\/2020\/03\/996_Application-RVT-Maintenance.pdf\" target=\"_blank\" rel=\"noopener noreferrer\">IE 996 &#8211; Application RVT &#8211; Indisponibilit\u00e9<\/a> (02-03-2020)<\/p>\n<p><a href=\"https:\/\/femarbel.be\/wp-content\/uploads\/2020\/03\/995_Coronavirus.pdf\" target=\"_blank\" rel=\"noopener noreferrer\">IE 995 &#8211; CORONAVIRUS\u00a0 &#8211; SUITE <\/a> (02-03-2020)<\/p>\n<p><a href=\"https:\/\/femarbel.be\/wp-content\/uploads\/2020\/02\/994_Coronavirus.pdf\" target=\"_blank\" rel=\"noopener noreferrer\">IE 994 &#8211; CORONAVIRUS &#8211; RECOMMANDATIONS<\/a> (28-02-2020)<\/p>\n<p><a href=\"https:\/\/femarbel.be\/wp-content\/uploads\/2020\/02\/993_Indexation.pdf\" target=\"_blank\" rel=\"noopener noreferrer\">IE 993 &#8211; CP 330 &#8211; FINANCEMENT FORFAITAIRE &#8211; INDEXATION<\/a> (27-02-2020)<\/p>\n<p><a href=\"https:\/\/femarbel.be\/wp-content\/uploads\/2020\/02\/992_AFA_D\u00e9claration-creance.pdf\" target=\"_blank\" rel=\"noopener noreferrer\">IE 992 &#8211; AVIQ &#8211; Allocation de fin d&#8217;ann\u00e9e &#8211; D\u00e9claration de cr\u00e9ance<\/a> (27-02-2020)<\/p>\n<p><a href=\"https:\/\/femarbel.be\/informations\/info-express\/ie-991-bxl-primes-2019-justificatifs\/\" target=\"_blank\" rel=\"noopener noreferrer\">IE 991\u00a0&#8211; BXL &#8211; PRIMES\u00a0 2019 &#8211; Justificatifs<\/a> (17-01-2020)<\/p>\n<p><a href=\"https:\/\/femarbel.be\/informations\/info-express\/ie-990-bxl-forfait-2020-paiement-primes-2018-2019\/\" target=\"_blank\" rel=\"noopener noreferrer\">IE 990 &#8211; BXL &#8211; FORFAIT 2020 &#8211; PAIEMENT PRIMES 2018-2019<\/a> (09-01-2020)<\/p>\n<p><a href=\"https:\/\/femarbel.be\/informations\/info-express\/ie-989-bruxelles-prime-2019-region-wallonne-politique-des-prix\/\" target=\"_blank\" rel=\"noopener noreferrer\">IE 989 &#8211; BXL &#8211; \u00a0PRIME 2019 &#8211; RW &#8211; POLITIQUE DES PRIX<\/a> (20-12-2019)<\/p>\n<p><a href=\"https:\/\/femarbel.be\/informations\/info-express\/ie-988-region-wallonne-report-des-normes-mr-mrs-sous-conditions\/\" target=\"_blank\" rel=\"noopener noreferrer\">IE 988 &#8211; RW &#8211; Report des normes MR-MRS sous conditions<\/a> (20-12-2019)<\/p>\n<p><a href=\"https:\/\/femarbel.be\/informations\/info-express\/ie-987-cp-330-accord-non-marchand-bruxelles-prime-2019-cct-iriscare-financement-et-conditions\/\" target=\"_blank\" rel=\"noopener noreferrer\">IE 987 &#8211; CP 330 &#8211; Accord non-marchand Bruxelles &#8211; Prime 2019 &#8211; CCT\u00a0 &#8211; IRISCARE &#8211; Financement et conditions<\/a> (16-12-2019)<\/p>\n<p><a href=\"https:\/\/femarbel.be\/informations\/info-express\/ie-986-cp-330-accord-non-marchand-bruxelles-prime-2019\/\" target=\"_blank\" rel=\"noopener noreferrer\">I<\/a><a href=\"https:\/\/femarbel.be\/informations\/info-express\/ie-986-cp-330-accord-non-marchand-bruxelles-prime-2019\/\" target=\"_blank\" rel=\"noopener noreferrer\">E 986 &#8211; CP 330 &#8211; Accord non-marchand &#8211; Prime 2019 &#8211; CCT &#8211; IRISCARE<\/a> (10-12-2019)<\/p>\n<p><a href=\"https:\/\/femarbel.be\/informations\/info-express\/ie-985-bruxelles-prime-dattractivite-allocation-de-fin-dannee\/\" target=\"_blank\" rel=\"noopener noreferrer\">IE 985 &#8211; BRUXELLES &#8211; Prime d&#8217;attractivit\u00e9 &#8211; Allocation de fin d&#8217;ann\u00e9e<\/a> (22-11-2019)<\/p>\n<p><a href=\"https:\/\/femarbel.be\/informations\/info-express\/ie-984-region-wallonne-allocation-de-fin-dannee-prime-dattractivite\/\" target=\"_blank\" rel=\"noopener noreferrer\">IE 984 &#8211; RW &#8211; Prime d&#8217;attractivit\u00e9 &#8211; Allocation de fin d&#8217;ann\u00e9e<\/a> (22-11-2019)<\/p>\n<p><a href=\"https:\/\/femarbel.be\/informations\/info-express\/ie-983-region-wallonne-accord-non-marchand-partie-forfaitaire-de-lallocation-de-fin-dannee-courrier-aviq\/\" target=\"_blank\" rel=\"noopener noreferrer\">IE 983 &#8211; RW &#8211; Accord non marchand &#8211; Partie forfaitaire de l&#8217;allocation de fin d&#8217;ann\u00e9e &#8211; Courrier AVIQ\u00a0 <\/a>(21-11-2019)<\/p>\n<p><a href=\"https:\/\/femarbel.be\/informations\/info-express\/ie-982-decret-aines-arrete-dexecution-circulaires\/\" target=\"_blank\" rel=\"noopener noreferrer\">IE 982 &#8211; RW &#8211; DECRETS AINES &#8211; ARRETE D&#8217;EXECUTION &#8211; CIRCULAIRES<\/a> ( 05-11-2019 )<\/p>\n<p><a href=\"https:\/\/femarbel.be\/informations\/info-express\/ie-981-sante-publique-art-de-guerir-aide-soignant-formation-complementaire-de-150-heures\/\" target=\"_blank\" rel=\"noopener noreferrer\">IE 981 &#8211; SANTE PUBLIQUE &#8211; ART DE GUERIR &#8211; Aide-soignant &#8211; Formation compl\u00e9mentaire de 150 heures<\/a> ( 04-11-2019 )<\/p>\n<p><a href=\"https:\/\/femarbel.be\/informations\/info-express\/ie-980-rw-communique-de-presse\/\" target=\"_blank\" rel=\"noopener noreferrer\">IE 980 &#8211; RW &#8211; COMMUNIQUE DE PRESSE <\/a>(24-10-2019)<\/p>\n<p><a href=\"https:\/\/femarbel.be\/informations\/info-express\/ie-979-rw-accord-non-marchand-cct-14-10-2019-augmentation-2019-partie-forfaitaire-de-lallocation-de-fin-dannee\/\" target=\"_blank\" rel=\"noopener noreferrer\">I<\/a><a href=\"https:\/\/femarbel.be\/informations\/info-express\/ie-979-rw-accord-non-marchand-cct-14-10-2019-augmentation-2019-partie-forfaitaire-de-lallocation-de-fin-dannee\/\" target=\"_blank\" rel=\"noopener noreferrer\">E 979 &#8211; RW &#8211; Accord non marchand &#8211; CCT 14\/10\/2019 &#8211; Augmentation 2019 Partie forfaitaire de l&#8217;allocation de fin d&#8217;ann\u00e9e<\/a> (18-10-2019)<\/p>\n<p><a href=\"https:\/\/femarbel.be\/informations\/info-express\/ie-n-978-bruxelles-iriscare-moratoire-recuperation-de-lits\/\" target=\"_blank\" rel=\"noopener noreferrer\">IE n\u00b0 978 &#8211; BRUXELLES &#8211; IRISCARE &#8211; Moratoire &#8211; R\u00e9cup\u00e9ration de lits<\/a> (02-10-2019)<\/p>\n<p><a href=\"https:\/\/femarbel.be\/informations\/info-express\/q-e-3-registre-ubo\/\">Q.E. &#8211; REGISTRE UBO<\/a> (17-09-2019)<\/p>\n<p><a href=\"https:\/\/femarbel.be\/informations\/info-express\/ie-977-prime-annuelle-titre-et-qualification-professionnelle\/\">IE 977 &#8211; Prime annuelle Titre et Qualification Professionnelle<\/a> (16-09-2019)<\/p>\n<p><a href=\"https:\/\/femarbel.be\/informations\/info-express\/ie-976-rw-communique-de-presse-accord-du-gouvernement-wallon-sur-la-politique-des-aines-2019-2024\/\" target=\"_blank\" rel=\"noopener noreferrer\">IE 976- RW &#8211; COMMUNIQUE DE PRESSE &#8211; ACCORD DU GOUVERNEMENT WALLON SUR LA POLITIQUE DES AINES 2019-2024<\/a> (10-09-2019)<\/p>\n<p><a href=\"https:\/\/femarbel.be\/informations\/info-express\/ie-975-rw-decret-arrete-dexecution-circulaires-femarbel-demenagement\/\" target=\"_blank\" rel=\"noopener noreferrer\">IE 975 &#8211; RW &#8211; D\u00e9cret &#8211; Arr\u00eat\u00e9 d&#8217;ex\u00e9cution &#8211; Circulaires &#8211; FEMARBEL &#8211; D\u00e9m\u00e9nagement<\/a> (12-08-2019)<\/p>\n<p><a href=\"https:\/\/femarbel.be\/informations\/info-express\/ie-974-iriscare-cloture-des-donnees-trimestrielles-financements-2020\/\" target=\"_blank\" rel=\"noopener noreferrer\">IE 974 &#8211; IRISCARE \u2013 Cl\u00f4ture des donn\u00e9es trimestrielles \u2013 Financements 2020<\/a> (03-07-2019)<\/p>\n<p><a href=\"https:\/\/femarbel.be\/informations\/info-express\/ie-973-iriscare-convention-regionale-cct-prime-unique\/\" target=\"_blank\" rel=\"noopener noreferrer\">IE 973 \u2013 IRISCARE \u2013 CONVENTION REGIONALE \u2013 CCT PRIME UNIQUE<\/a> (14-06-2019)<\/p>\n<p><a href=\"https:\/\/femarbel.be\/informations\/info-express\/ie-972-cocom-arretes-dexecution\/\" target=\"_blank\" rel=\"noopener noreferrer\">IE 972 \u2013 COCOM \u2013 ARR\u00caTES D\u2019EXECUTION<\/a> (14-06-2019)<\/p>\n<p style=\"text-align: left;\"><a href=\"https:\/\/femarbel.be\/informations\/info-express\/ie-971-region-wallonne-arrete-normes-relatives-au-prix\/\" target=\"_blank\" rel=\"noopener noreferrer\">IE 971 &#8211; RW &#8211; ARRETE &#8211; NORMES RELATIVES AU PRIX<\/a> (29-05-2019)<\/p>\n<p><a href=\"https:\/\/femarbel.be\/informations\/info-express\/ie-970-region-wallonne-decret-arrete-age-minimum-70-ans\/\" target=\"_blank\" rel=\"noopener noreferrer\">IE 970 &#8211; RW &#8211; DECRET &#8211; ARRETE &#8211; AGE MINIMUM 70 ANS<\/a> (27\/05\/2019)<\/p>\n<p><a href=\"https:\/\/femarbel.be\/informations\/info-express\/ie-969-region-wallonne-decret-politique-des-personnes-agees-arrete-dexecution\/\">IE 969 \u2013 RW \u2013 DECRET POLITIQUE DES PERSONNES AGEES \u2013 ARR\u00caTE D\u2019EXECUTION<\/a> (24\/05\/2019)<\/p>\n<p><a href=\"https:\/\/femarbel.be\/informations\/info-express\/ie-968-accords-non-marchands\/\">IE 968 &#8211; ACCORDS NON MARCHANDS<\/a> (20\/05\/2019)<\/p>\n<p><a href=\"https:\/\/femarbel.be\/informations\/info-express\/ie-967-elections-sociales-2020\/\">IE 967 \u2013 ELECTIONS SOCIALES 2020<\/a> (09\/05\/2019)<\/p>\n<p><a href=\"https:\/\/femarbel.be\/informations\/info-express\/ie-966-sante-publique-art-de-guerir-actes-infirmiers-delegues\/\" target=\"_blank\" rel=\"noopener noreferrer\">IE 966 \u2013 SANTE PUBLIQUE \u2013 ART DE GUERIR \u2013 ACTES INFIRMIERS DELEGUES<\/a> (19\/03\/2019)<\/p>\n<p><a href=\"https:\/\/femarbel.be\/informations\/info-express\/ie-965-decomptes-2019-paiements-avances-et-fins-de-carriere\/\">IE 965 \u2013 DECOMPTES 2019 -PAIEMENTS AVANCES ET FINS DE CARRIERE<\/a>\u00a0(11\/02\/2019)<\/p>\n<p><a href=\"https:\/\/femarbel.be\/informations\/info-express\/ie-964-region-wallonne-decomptes-3eme-volet-dispenses-de-prestations-forfait-2019\/\">IE 964\u00a0 \u2013 REGION WALLONNE\u00a0<\/a>\u00a0(8\/02\/2019)<\/p>\n<p><a href=\"https:\/\/femarbel.be\/informations\/info-express\/ie-963-cocom-iriscare\/\">IE 963 \u2013 COCOM \u2013 IRISCARE<\/a>\u00a0(8\/02\/2019)<\/p>\n<p><a href=\"https:\/\/femarbel.be\/informations\/info-express\/ie-962-iriscare-liste-des-organismes-assureurs-bruxellois-correctif\/\" rel=\"noopener\">IE 962 \u2013 IRISCARE \u2013 Liste des organismes assureurs bruxellois \u2013 Correctif<\/a>\u00a0(17\/01\/2019)<\/p>\n<p><a href=\"https:\/\/femarbel.be\/informations\/info-express\/ie-961-aviq-liste-des-organismes-assureurs-wallons-correctif\/\" rel=\"noopener\">IE 961 \u2013 AVIQ- Liste des organismes assureurs wallons \u2013 Correctif\u00a0<\/a>(17\/01\/2019)<\/p>\n<p><a href=\"https:\/\/femarbel.be\/informations\/info-express\/ie-960-iriscare-liste-des-organismes-assureurs-bruxellois\/\" rel=\"noopener\">IE 960 \u2013 IRISCARE \u2013 Liste des organismes assureurs bruxellois<\/a>\u00a0(10\/01\/19)<\/p>\n<p><a href=\"https:\/\/femarbel.be\/informations\/info-express\/ie-959-aviq-liste-des-organismes-assureurs-wallons\/\" rel=\"noopener\">IE 959 \u2013 AVIQ \u2013 Liste des organismes assureurs wallons<\/a>\u00a0(10\/01\/19)<\/p>\n<p><a href=\"https:\/\/femarbel.be\/informations\/info-express\/ie-958-accords-non-marchands-regionaux-la-fin-dune-epoque\/\">IE 958 \u2013 Accords non marchands r\u00e9gionaux \u2013 La fin d\u2019une \u00e9poque<\/a>\u00a0(18\/12\/18)<\/p>\n<p><a href=\"https:\/\/femarbel.be\/informations\/info-express\/ie-956-elections-sociales-2020\/\">IE 957- ELECTIONS SOCIALES 2020<\/a> ( 03\/12\/2018)<\/p>\n<p><a href=\"https:\/\/femarbel.be\/informations\/info-express\/bruxelles-iriscare-1er-janvier-2019-circulaire-imperatif-de-repondre\/\" rel=\"noopener\">IE 956 &#8211;\u00a0BRUXELLES \u2013 IRISCARE \u2013 1er JANVIER 2019 \u2013 CIRCULAIRE \u2013 IMPERATIF DE REPONDRE<\/a><\/p>\n<h2><a title=\"IE \u2013 modifications AR MRS \u2013 811\" href=\"https:\/\/femarbel.be\/services\/info-express\/ie-modifications-ar-mrs-811\/\">Liste des infos express pr\u00e9c\u00e9dentes :<\/a><\/h2>\n<p>\n<!-- Page-list plugin v.5.9 wordpress.org\/plugins\/page-list\/ -->\n<!-- no pages to show -->[\/vc_column_text][\/vc_column][\/vc_row][vc_row][vc_column][vc_column_text][\/vc_column_text][\/vc_column][\/vc_row]<\/p>\n<\/div>","protected":false},"excerpt":{"rendered":"<p>[vc_row][vc_column][vc_column_text]IE 1264 &#8211; BRUXELLES &#8211; FORMATIONS IF-IC &#8211; INSCRIPTIONS DES MEMBRES DES COMMISSIONS D&#8217;ACCOMPAGNEMENT ET DE RECOURS INTERNE &#8211; (16-05-2022) &#8211; Version NL IE 1263 &#8211; NOUVEAU PARTENAIRE &#8211; REALCO&hellip;<\/p>\n","protected":false},"author":15,"featured_media":0,"parent":0,"menu_order":76,"comment_status":"closed","ping_status":"closed","template":"","meta":{"footnotes":""},"class_list":["post-17427","page","type-page","status-publish","hentry","description-off"],"_links":{"self":[{"href":"https:\/\/femarbel.be\/nl\/wp-json\/wp\/v2\/pages\/17427","targetHints":{"allow":["GET"]}}],"collection":[{"href":"https:\/\/femarbel.be\/nl\/wp-json\/wp\/v2\/pages"}],"about":[{"href":"https:\/\/femarbel.be\/nl\/wp-json\/wp\/v2\/types\/page"}],"author":[{"embeddable":true,"href":"https:\/\/femarbel.be\/nl\/wp-json\/wp\/v2\/users\/15"}],"replies":[{"embeddable":true,"href":"https:\/\/femarbel.be\/nl\/wp-json\/wp\/v2\/comments?post=17427"}],"version-history":[{"count":283,"href":"https:\/\/femarbel.be\/nl\/wp-json\/wp\/v2\/pages\/17427\/revisions"}],"predecessor-version":[{"id":20996,"href":"https:\/\/femarbel.be\/nl\/wp-json\/wp\/v2\/pages\/17427\/revisions\/20996"}],"wp:attachment":[{"href":"https:\/\/femarbel.be\/nl\/wp-json\/wp\/v2\/media?parent=17427"}],"curies":[{"name":"wp","href":"https:\/\/api.w.org\/{rel}","templated":true}]}}